{"id":7679,"date":"2023-01-18T14:00:22","date_gmt":"2023-01-18T13:00:22","guid":{"rendered":"https:\/\/www.prinas.de\/b2b\/?page_id=7679"},"modified":"2026-03-05T14:44:07","modified_gmt":"2026-03-05T13:44:07","slug":"beschwerdemanagement","status":"publish","type":"page","link":"https:\/\/www.prinas.de\/b2b\/beschwerdemanagement\/","title":{"rendered":"Beschwerdemanagement"},"content":{"rendered":"[vc_row type=&#8220;full_width_background&#8220; full_screen_row_position=&#8220;middle&#8220; column_margin=&#8220;default&#8220; column_direction=&#8220;default&#8220; column_direction_tablet=&#8220;default&#8220; column_direction_phone=&#8220;default&#8220; bg_color=&#8220;#ffffff&#8220; scene_position=&#8220;center&#8220; text_color=&#8220;dark&#8220; text_align=&#8220;left&#8220; row_border_radius=&#8220;none&#8220; row_border_radius_applies=&#8220;bg&#8220; overflow=&#8220;visible&#8220; advanced_gradient_angle=&#8220;0&#8243; overlay_strength=&#8220;0.3&#8243; gradient_direction=&#8220;left_to_right&#8220; shape_divider_position=&#8220;bottom&#8220; bg_image_animation=&#8220;none&#8220; gradient_type=&#8220;default&#8220; shape_type=&#8220;&#8220;][vc_column column_padding=&#8220;no-extra-padding&#8220; column_padding_tablet=&#8220;inherit&#8220; column_padding_phone=&#8220;inherit&#8220; column_padding_position=&#8220;all&#8220; column_element_spacing=&#8220;default&#8220; background_color_opacity=&#8220;1&#8243; background_hover_color_opacity=&#8220;1&#8243; column_shadow=&#8220;none&#8220; column_border_radius=&#8220;none&#8220; column_link_target=&#8220;_self&#8220; column_position=&#8220;default&#8220; gradient_direction=&#8220;left_to_right&#8220; overlay_strength=&#8220;0.3&#8243; width=&#8220;1\/1&#8243; tablet_width_inherit=&#8220;default&#8220; tablet_text_alignment=&#8220;default&#8220; phone_text_alignment=&#8220;default&#8220; animation_type=&#8220;default&#8220; bg_image_animation=&#8220;none&#8220; border_type=&#8220;simple&#8220; column_border_width=&#8220;none&#8220; column_border_style=&#8220;solid&#8220;][divider line_type=&#8220;No Line&#8220; custom_height=&#8220;50&#8243;][nectar_highlighted_text color_type=&#8220;regular&#8220; text_color=&#8220;#084986&#8243; style=&#8220;full_text&#8220; highlight_expansion=&#8220;default&#8220;]\n<h2 style=\"text-align: center;\">Grunds\u00e4tze f\u00fcr Beschwerdebearbeitung &#8222;Beschwerdegrunds\u00e4tze&#8220;<\/h2>\n[\/nectar_highlighted_text][divider line_type=&#8220;No Line&#8220; custom_height=&#8220;50&#8243;][vc_column_text css_animation=&#8220;fadeIn&#8220;]\n<div class=\"wpb_text_column wpb_content_element wpb_animate_when_almost_visible wpb_fadeIn fadeIn animated wpb_start_animation\">\n<div class=\"wpb_wrapper\">\n<p><span class=\"content_wrapper\">Mit der Einrichtung eines Beschwerdemanagements hat PRINAS MONTAN GmbH Versicherungsvermittler (PRINAS MONTAN) ein umfassendes Beschwerdewesen eingerichtet, das eine wirksame und transparente Verfahrensweise sicherstellt, um eine nachvollziehbare und objektive Abhilfe bei Beschwerden zu schaffen.<\/span><\/p>\n<p>Dabei legt PRINAS MONTAN folgende\u00a0<b>Beschwerdedefinition\u00a0<\/b>zugrunde:<\/p>\n<p>\u201eEine Person (Kunde, Interessent oder Dritter) \u00e4u\u00dfert unaufgefordert ihre Unzufriedenheit mit unseren Produkten oder Dienstleistungen. Sie gibt dabei zu erkennen, dass aus ihrer subjektiven Kundensicht ihre Erwartungshaltung nicht erf\u00fcllt werden konnte.\u201c<\/p>\n<p>Die Berechtigung einer Beschwerde wird grunds\u00e4tzlich nicht in Frage gestellt, da nicht die Sicht der PRINAS MONTAN, sondern die Personensicht f\u00fcr uns im Mittelpunkt steht.<\/p>\n<p>Entscheidend ist, wie die Person den Vorgang beurteilt. Ungeachtet dessen, ob sie bestimmte Sachverhalte kennt oder nicht oder ob sie \u201esehr enge\u201c Qualit\u00e4tsma\u00dfst\u00e4be anlegt.<\/p>\n<p>Erst bei der Beschwerdebearbeitung wird dar\u00fcber entschieden, ob einer m\u00f6glichen Forderung der Person (Erstattungen etc.) stattgegeben wird.<\/p>\n<p>Unabh\u00e4ngig vom gew\u00e4hlten Kanal des Kunden (Telefon, Internet, E-Mail, pers\u00f6nlich oder Fax) werden s\u00e4mtliche Unzufriedenheits\u00e4u\u00dferungen gleichwertig als Beschwerde behandelt.<\/p>\n<p>Es ist dabei unerheblich, an wen die Person ihre Beschwerde adressiert. Eine Beschwerde liegt auch dann vor, wenn die Person sie nicht ausdr\u00fccklich als solche bezeichnet.<\/p>\n<\/div>\n<\/div>\n<div class=\"divider-wrap\" data-alignment=\"default\"><\/div>\n[\/vc_column_text][divider line_type=&#8220;No Line&#8220; custom_height=&#8220;50&#8243;][\/vc_column][\/vc_row][vc_row type=&#8220;full_width_background&#8220; full_screen_row_position=&#8220;middle&#8220; column_margin=&#8220;default&#8220; column_direction=&#8220;default&#8220; column_direction_tablet=&#8220;default&#8220; column_direction_phone=&#8220;default&#8220; bg_color=&#8220;#ffffff&#8220; scene_position=&#8220;center&#8220; text_color=&#8220;dark&#8220; text_align=&#8220;left&#8220; row_border_radius=&#8220;none&#8220; row_border_radius_applies=&#8220;bg&#8220; overflow=&#8220;visible&#8220; advanced_gradient_angle=&#8220;0&#8243; overlay_strength=&#8220;0.3&#8243; gradient_direction=&#8220;left_to_right&#8220; shape_divider_position=&#8220;bottom&#8220; bg_image_animation=&#8220;none&#8220; gradient_type=&#8220;default&#8220; shape_type=&#8220;&#8220;][vc_column column_padding=&#8220;no-extra-padding&#8220; column_padding_tablet=&#8220;inherit&#8220; column_padding_phone=&#8220;inherit&#8220; column_padding_position=&#8220;all&#8220; column_element_spacing=&#8220;default&#8220; background_color_opacity=&#8220;1&#8243; background_hover_color_opacity=&#8220;1&#8243; column_shadow=&#8220;none&#8220; column_border_radius=&#8220;none&#8220; column_link_target=&#8220;_self&#8220; column_position=&#8220;default&#8220; gradient_direction=&#8220;left_to_right&#8220; overlay_strength=&#8220;0.3&#8243; width=&#8220;1\/1&#8243; tablet_width_inherit=&#8220;default&#8220; tablet_text_alignment=&#8220;default&#8220; phone_text_alignment=&#8220;default&#8220; animation_type=&#8220;default&#8220; bg_image_animation=&#8220;none&#8220; border_type=&#8220;simple&#8220; column_border_width=&#8220;none&#8220; column_border_style=&#8220;solid&#8220;][divider line_type=&#8220;No Line&#8220; custom_height=&#8220;50&#8243;][nectar_highlighted_text color_type=&#8220;regular&#8220; text_color=&#8220;#084986&#8243; style=&#8220;full_text&#8220; highlight_expansion=&#8220;default&#8220;]\n<h2 style=\"text-align: center;\">Beschwerdeeingang und Beschwerdebearbeitung<\/h2>\n[\/nectar_highlighted_text][divider line_type=&#8220;No Line&#8220; custom_height=&#8220;50&#8243;][vc_column_text css_animation=&#8220;fadeIn&#8220;]\n<div class=\"wpb_text_column wpb_content_element \">\n<div class=\"wpb_wrapper\">\n<p><span class=\"content_wrapper\">Sie k\u00f6nnen Ihre Beschwerden pers\u00f6nlich, telefonisch, per Post oder elektronisch (per Telefax oder per E-Mail) bei uns einreichen.<br \/>\nBitte teilen Sie uns folgende Angaben mit:<\/span><\/p>\n<p>&nbsp;<\/p>\n<ul>\n<li>Kontaktdaten (Name, Adresse, ggfs. Telefonnummer und\/oder E-Mail-Adresse f\u00fcr R\u00fcckfragen)<\/li>\n<li>Zeitpunkt des Auftretens Ihrer Unzufriedenheit beziehungsweise Ihres Anliegens<\/li>\n<li>Produkt u. o. Serviceleistung, auf das beziehungsweise die sich Ihre Beschwerde bezieht<\/li>\n<li>ausf\u00fchrliche Beschreibung Ihrer Beschwerde beziehungsweise Ihres Anliegens (z.B. Fehlerbehebung, Verbesserungsvorschlag oder Kl\u00e4rung einer Meinungsverschiedenheit)<\/li>\n<\/ul>\n<p><span class=\"content_wrapper\"><br \/>\nBeschwerden stellen f\u00fcr uns ein sehr wertvolles Kundenfeedback dar.<\/span><\/p>\n<p>Oberste Zielsetzung ist es daher, dem Beschwerdef\u00fchrer schnell und auf angemessene Weise eine R\u00fcckmeldung zu geben. Beschwerden werden m\u00f6glichst zeitnah beantwortet. Sollte dies nicht m\u00f6glich sein, da z.B. weitere Untersuchungen erforderlich sind, werden wir Sie \u00fcber den Stand der Bearbeitung informieren.<\/p>\n<p>Im Rahmen der Beschwerdepr\u00fcfung werden alle hierf\u00fcr ma\u00dfgeblichen Beweismittel und Informationen gesammelt und ausgewertet. Im Falle einer von Ihren Forderungen abweichenden finalen Entscheidung wird Ihnen diese detailliert erl\u00e4utert und auf die M\u00f6glichkeit der Aufrechterhaltung der Beschwerde (ggf. unter Hinzuziehung der entsprechenden Schlichtungsstelle) hingewiesen. PRINAS MONTAN achtet hierbei auf eine klare, eindeutige und allgemein verst\u00e4ndliche Sprache.<\/p>\n<p>Die Beschwerden, einschlie\u00dflich der sachdienlichen Informationen und Unterlagen sowie die zu ihrer Abhilfe getroffenen Ma\u00dfnahmen werden in einem intern gef\u00fchrten elektronischen Beschwerderegister aufgezeichnet und grunds\u00e4tzlich 7 Jahre aufbewahrt.<\/p>\n<p>Die Bearbeitung der Beschwerde ist selbstverst\u00e4ndlich kostenfrei.<\/p>\n<\/div>\n<\/div>\n<div class=\"divider-wrap\" data-alignment=\"default\"><\/div>\n[\/vc_column_text][divider line_type=&#8220;No Line&#8220; custom_height=&#8220;50&#8243;][\/vc_column][\/vc_row][vc_row type=&#8220;full_width_background&#8220; full_screen_row_position=&#8220;middle&#8220; column_margin=&#8220;default&#8220; column_direction=&#8220;default&#8220; column_direction_tablet=&#8220;default&#8220; column_direction_phone=&#8220;default&#8220; bg_color=&#8220;#ffffff&#8220; scene_position=&#8220;center&#8220; text_color=&#8220;dark&#8220; text_align=&#8220;left&#8220; row_border_radius=&#8220;none&#8220; row_border_radius_applies=&#8220;bg&#8220; overflow=&#8220;visible&#8220; advanced_gradient_angle=&#8220;0&#8243; overlay_strength=&#8220;0.3&#8243; gradient_direction=&#8220;left_to_right&#8220; shape_divider_position=&#8220;bottom&#8220; bg_image_animation=&#8220;none&#8220; gradient_type=&#8220;default&#8220; shape_type=&#8220;&#8220;][vc_column column_padding=&#8220;no-extra-padding&#8220; column_padding_tablet=&#8220;inherit&#8220; column_padding_phone=&#8220;inherit&#8220; column_padding_position=&#8220;all&#8220; column_element_spacing=&#8220;default&#8220; background_color_opacity=&#8220;1&#8243; background_hover_color_opacity=&#8220;1&#8243; column_shadow=&#8220;none&#8220; column_border_radius=&#8220;none&#8220; column_link_target=&#8220;_self&#8220; column_position=&#8220;default&#8220; gradient_direction=&#8220;left_to_right&#8220; overlay_strength=&#8220;0.3&#8243; width=&#8220;1\/1&#8243; tablet_width_inherit=&#8220;default&#8220; tablet_text_alignment=&#8220;default&#8220; phone_text_alignment=&#8220;default&#8220; animation_type=&#8220;default&#8220; bg_image_animation=&#8220;none&#8220; border_type=&#8220;simple&#8220; column_border_width=&#8220;none&#8220; column_border_style=&#8220;solid&#8220;][divider line_type=&#8220;No Line&#8220; custom_height=&#8220;50&#8243;][nectar_highlighted_text color_type=&#8220;regular&#8220; text_color=&#8220;#084986&#8243; style=&#8220;full_text&#8220; highlight_expansion=&#8220;default&#8220;]\n<h2 style=\"text-align: center;\">Kontaktdaten<\/h2>\n[\/nectar_highlighted_text][divider line_type=&#8220;No Line&#8220; custom_height=&#8220;50&#8243;][vc_column_text css_animation=&#8220;fadeIn&#8220;]\n<div class=\"wpb_text_column wpb_content_element wpb_animate_when_almost_visible wpb_fadeIn fadeIn animated wpb_start_animation\">\n<div class=\"wpb_wrapper\">\n<p><span class=\"content_wrapper\">Beschwerden k\u00f6nnen Sie direkt an das Beschwerdemanagement der PRINAS MONTAN richten:<\/span><\/p>\n<p>PRINAS MONTAN GmbH Versicherungsvermittler<br \/>\nBeschwerdemanagement<br \/>\nHuyssenallee 100<br \/>\n45128 Essen<\/p>\n<p>Telefon <a href=\"tel:+4920189072700\">0201 89072 700<\/a><br \/>\nE-Mail: <a href=\"mailto:firmen@prinas.de\">firmen@prinas.de<\/a><\/p>\n<\/div>\n<\/div>\n<div class=\"divider-wrap\" data-alignment=\"default\"><\/div>\n[\/vc_column_text][divider line_type=&#8220;No Line&#8220; custom_height=&#8220;50&#8243;][\/vc_column][\/vc_row][vc_row type=&#8220;full_width_background&#8220; full_screen_row_position=&#8220;middle&#8220; column_margin=&#8220;default&#8220; column_direction=&#8220;default&#8220; column_direction_tablet=&#8220;default&#8220; column_direction_phone=&#8220;default&#8220; bg_color=&#8220;#ffffff&#8220; scene_position=&#8220;center&#8220; text_color=&#8220;dark&#8220; text_align=&#8220;left&#8220; row_border_radius=&#8220;none&#8220; row_border_radius_applies=&#8220;bg&#8220; overflow=&#8220;visible&#8220; advanced_gradient_angle=&#8220;0&#8243; overlay_strength=&#8220;0.3&#8243; gradient_direction=&#8220;left_to_right&#8220; shape_divider_position=&#8220;bottom&#8220; bg_image_animation=&#8220;none&#8220; gradient_type=&#8220;default&#8220; shape_type=&#8220;&#8220;][vc_column column_padding=&#8220;no-extra-padding&#8220; column_padding_tablet=&#8220;inherit&#8220; column_padding_phone=&#8220;inherit&#8220; column_padding_position=&#8220;all&#8220; column_element_spacing=&#8220;default&#8220; background_color_opacity=&#8220;1&#8243; background_hover_color_opacity=&#8220;1&#8243; column_shadow=&#8220;none&#8220; column_border_radius=&#8220;none&#8220; column_link_target=&#8220;_self&#8220; column_position=&#8220;default&#8220; gradient_direction=&#8220;left_to_right&#8220; overlay_strength=&#8220;0.3&#8243; width=&#8220;1\/1&#8243; tablet_width_inherit=&#8220;default&#8220; tablet_text_alignment=&#8220;default&#8220; phone_text_alignment=&#8220;default&#8220; animation_type=&#8220;default&#8220; bg_image_animation=&#8220;none&#8220; border_type=&#8220;simple&#8220; column_border_width=&#8220;none&#8220; column_border_style=&#8220;solid&#8220;][divider line_type=&#8220;No Line&#8220; custom_height=&#8220;50&#8243;][nectar_highlighted_text color_type=&#8220;regular&#8220; text_color=&#8220;#084986&#8243; style=&#8220;full_text&#8220; highlight_expansion=&#8220;default&#8220;]\n<h2 style=\"text-align: center;\">Erlaubnis- &amp; Registerbeh\u00f6rde<\/h2>\n[\/nectar_highlighted_text][divider line_type=&#8220;No Line&#8220; custom_height=&#8220;50&#8243;][vc_column_text css_animation=&#8220;fadeIn&#8220;]Versicherungsmakler mit Erlaubnis nach \u00a734d Abs. 1 GewO<br \/>\n(abrufbar \u00fcber das Vermittlerregister unter www.vermittlungsregister.info)<\/p>\n<p>Registrierungsnummer: D-XZWH-B4VWI-70<br \/>\nIndustrie- und Handelskammer f\u00fcr Essen, M\u00fchlheim an der Ruhr, Oberhausen zu Essen<br \/>\nAm Waldhausenpark 2<br \/>\n45128 Essen<\/p>\n<p>Telefon: 0201 &#8211; 1892 0<br \/>\nFax: 0201 &#8211; 1892 172<br \/>\nEmail: ihkessen@essen.ihk.de[\/vc_column_text][divider line_type=&#8220;No Line&#8220; custom_height=&#8220;50&#8243;][\/vc_column][\/vc_row][vc_row type=&#8220;full_width_background&#8220; full_screen_row_position=&#8220;middle&#8220; column_margin=&#8220;default&#8220; column_direction=&#8220;default&#8220; column_direction_tablet=&#8220;default&#8220; column_direction_phone=&#8220;default&#8220; bg_color=&#8220;#ffffff&#8220; scene_position=&#8220;center&#8220; text_color=&#8220;dark&#8220; text_align=&#8220;left&#8220; row_border_radius=&#8220;none&#8220; row_border_radius_applies=&#8220;bg&#8220; overflow=&#8220;visible&#8220; advanced_gradient_angle=&#8220;0&#8243; overlay_strength=&#8220;0.3&#8243; gradient_direction=&#8220;left_to_right&#8220; shape_divider_position=&#8220;bottom&#8220; bg_image_animation=&#8220;none&#8220; gradient_type=&#8220;default&#8220; shape_type=&#8220;&#8220;][vc_column column_padding=&#8220;no-extra-padding&#8220; column_padding_tablet=&#8220;inherit&#8220; column_padding_phone=&#8220;inherit&#8220; column_padding_position=&#8220;all&#8220; column_element_spacing=&#8220;default&#8220; background_color_opacity=&#8220;1&#8243; background_hover_color_opacity=&#8220;1&#8243; column_shadow=&#8220;none&#8220; column_border_radius=&#8220;none&#8220; column_link_target=&#8220;_self&#8220; column_position=&#8220;default&#8220; gradient_direction=&#8220;left_to_right&#8220; overlay_strength=&#8220;0.3&#8243; width=&#8220;1\/1&#8243; tablet_width_inherit=&#8220;default&#8220; tablet_text_alignment=&#8220;default&#8220; phone_text_alignment=&#8220;default&#8220; animation_type=&#8220;default&#8220; bg_image_animation=&#8220;none&#8220; border_type=&#8220;simple&#8220; column_border_width=&#8220;none&#8220; column_border_style=&#8220;solid&#8220;][divider line_type=&#8220;No Line&#8220; custom_height=&#8220;50&#8243;][nectar_highlighted_text color_type=&#8220;regular&#8220; text_color=&#8220;#084986&#8243; style=&#8220;full_text&#8220; highlight_expansion=&#8220;default&#8220;]\n<h2 style=\"text-align: center;\">Disclaimer<\/h2>\n[\/nectar_highlighted_text][divider line_type=&#8220;No Line&#8220; custom_height=&#8220;50&#8243;][vc_column_text css_animation=&#8220;fadeIn&#8220;]Die PRINAS MONTAN GmbH aktualisiert und pr\u00fcft die Informationen auf ihren Internetseiten st\u00e4ndig. Jedoch k\u00f6nnen sich trotz aller Sorgfalt die Daten inzwischen ver\u00e4ndert haben. Eine Haftung oder Garantie f\u00fcr die Aktualit\u00e4t, Vollst\u00e4ndigkeit und Richtigkeit der zur Verf\u00fcgung gestellten Informationen kann daher nicht \u00fcbernommen werden. Gleiches gilt auch f\u00fcr alle anderen Websites, auf die mittels Hyperlink verwiesen wird. Die PRINAS MONTAN ist f\u00fcr den Inhalt der Websites, die aufgrund einer solchen Verbindung erreicht werden, nicht verantwortlich. Ferner beh\u00e4lt sich PRINAS MONTAN das Recht vor, \u00c4nderungen oder Erg\u00e4nzungen der bereitgestellten Informationen vorzunehmen.<\/p>\n<p>Die Informationen und Inhalte, die PRINAS MONTAN auf Ihren Internetseiten zur Verf\u00fcgung stellt, sind nicht f\u00fcr Personen in L\u00e4ndern bestimmt, in denen die Informationen und Inhalte gesetzlichen, beh\u00f6rdlichen oder sonstigen Beschr\u00e4nkungen unterliegen. Nutzer in solchen L\u00e4ndern handeln in eigener Verantwortung und Pflicht, sich \u00fcber landes\u00fcbliche Beschr\u00e4nkungen selbst zu informieren und diese im erforderlichen Umfang zu beachten.<\/p>\n<p>Inhalt und Struktur des Internetangebotes der PRINAS MONTAN, inklusive Layout, Quelltext, Software und deren Inhalte, sind urheberrechtlich gesch\u00fctzt. Die Vervielf\u00e4ltigung von Informationen oder Daten, insbesondere die Verwendung von Texten, Textteilen oder grafischen Elementen bedarf der vorherigen Zustimmung der PRINAS MONTAN GmbH.[\/vc_column_text][divider line_type=&#8220;No Line&#8220; custom_height=&#8220;50&#8243;][\/vc_column][\/vc_row]\n","protected":false},"excerpt":{"rendered":"<p>[vc_row type=&#8220;full_width_background&#8220; full_screen_row_position=&#8220;middle&#8220; column_margin=&#8220;default&#8220; column_direction=&#8220;default&#8220; column_direction_tablet=&#8220;default&#8220; column_direction_phone=&#8220;default&#8220; bg_color=&#8220;#ffffff&#8220; scene_position=&#8220;center&#8220; text_color=&#8220;dark&#8220; text_align=&#8220;left&#8220; row_border_radius=&#8220;none&#8220; row_border_radius_applies=&#8220;bg&#8220; overflow=&#8220;visible&#8220; advanced_gradient_angle=&#8220;0&#8243; overlay_strength=&#8220;0.3&#8243; gradient_direction=&#8220;left_to_right&#8220; shape_divider_position=&#8220;bottom&#8220; bg_image_animation=&#8220;none&#8220; gradient_type=&#8220;default&#8220; shape_type=&#8220;&#8220;][vc_column column_padding=&#8220;no-extra-padding&#8220; column_padding_tablet=&#8220;inherit&#8220; column_padding_phone=&#8220;inherit&#8220; column_padding_position=&#8220;all&#8220; column_element_spacing=&#8220;default&#8220; background_color_opacity=&#8220;1&#8243; background_hover_color_opacity=&#8220;1&#8243; column_shadow=&#8220;none&#8220; column_border_radius=&#8220;none&#8220;&#8230;<\/p>\n","protected":false},"author":4,"featured_media":0,"parent":0,"menu_order":0,"comment_status":"closed","ping_status":"closed","template":"","meta":{"footnotes":""},"class_list":["post-7679","page","type-page","status-publish"],"acf":[],"yoast_head":"<!-- This site is optimized with the Yoast SEO plugin v27.5 - https:\/\/yoast.com\/product\/yoast-seo-wordpress\/ -->\n<title>Impressum | PRINAS MONTAN<\/title>\n<meta name=\"description\" content=\"PRINAS MONTAN GmbH Versicherungsvermittler | Huyssenallee 100 | 45128 Essen | Telefon 069 3600 3400 | Email info@prinas.de\" \/>\n<meta name=\"robots\" content=\"index, follow, max-snippet:-1, max-image-preview:large, max-video-preview:-1\" \/>\n<link rel=\"canonical\" href=\"https:\/\/www.prinas.de\/b2b\/beschwerdemanagement\/\" \/>\n<meta property=\"og:locale\" content=\"de_DE\" \/>\n<meta property=\"og:type\" content=\"article\" \/>\n<meta property=\"og:title\" content=\"Impressum | PRINAS MONTAN\" \/>\n<meta property=\"og:description\" content=\"PRINAS MONTAN GmbH Versicherungsvermittler | Huyssenallee 100 | 45128 Essen | Telefon 069 3600 3400 | Email info@prinas.de\" \/>\n<meta property=\"og:url\" content=\"https:\/\/www.prinas.de\/b2b\/beschwerdemanagement\/\" \/>\n<meta property=\"og:site_name\" content=\"Prinas Montan\" \/>\n<meta property=\"article:modified_time\" content=\"2026-03-05T13:44:07+00:00\" \/>\n<meta property=\"og:image\" content=\"https:\/\/www.prinas.de\/b2b\/wp-content\/uploads\/scott-graham-OQMZwNd3ThU-unsplash-scaled.jpg\" \/>\n\t<meta property=\"og:image:width\" content=\"2560\" \/>\n\t<meta property=\"og:image:height\" content=\"1708\" \/>\n\t<meta property=\"og:image:type\" content=\"image\/jpeg\" \/>\n<meta name=\"twitter:card\" content=\"summary_large_image\" \/>\n<meta name=\"twitter:label1\" content=\"Gesch\u00e4tzte Lesezeit\" \/>\n\t<meta name=\"twitter:data1\" content=\"6\u00a0Minuten\" \/>\n<script type=\"application\/ld+json\" class=\"yoast-schema-graph\">{\"@context\":\"https:\\\/\\\/schema.org\",\"@graph\":[{\"@type\":\"WebPage\",\"@id\":\"https:\\\/\\\/www.prinas.de\\\/b2b\\\/beschwerdemanagement\\\/\",\"url\":\"https:\\\/\\\/www.prinas.de\\\/b2b\\\/beschwerdemanagement\\\/\",\"name\":\"Impressum | PRINAS MONTAN\",\"isPartOf\":{\"@id\":\"https:\\\/\\\/www.prinas.de\\\/b2b\\\/#website\"},\"datePublished\":\"2023-01-18T13:00:22+00:00\",\"dateModified\":\"2026-03-05T13:44:07+00:00\",\"description\":\"PRINAS MONTAN GmbH Versicherungsvermittler | Huyssenallee 100 | 45128 Essen | Telefon 069 3600 3400 | Email info@prinas.de\",\"breadcrumb\":{\"@id\":\"https:\\\/\\\/www.prinas.de\\\/b2b\\\/beschwerdemanagement\\\/#breadcrumb\"},\"inLanguage\":\"de\",\"potentialAction\":[{\"@type\":\"ReadAction\",\"target\":[\"https:\\\/\\\/www.prinas.de\\\/b2b\\\/beschwerdemanagement\\\/\"]}]},{\"@type\":\"BreadcrumbList\",\"@id\":\"https:\\\/\\\/www.prinas.de\\\/b2b\\\/beschwerdemanagement\\\/#breadcrumb\",\"itemListElement\":[{\"@type\":\"ListItem\",\"position\":1,\"name\":\"Startseite\",\"item\":\"https:\\\/\\\/www.prinas.de\\\/b2b\\\/\"},{\"@type\":\"ListItem\",\"position\":2,\"name\":\"Beschwerdemanagement\"}]},{\"@type\":\"WebSite\",\"@id\":\"https:\\\/\\\/www.prinas.de\\\/b2b\\\/#website\",\"url\":\"https:\\\/\\\/www.prinas.de\\\/b2b\\\/\",\"name\":\"Prinas Montan\",\"description\":\"Eine weitere WordPress-Website\",\"potentialAction\":[{\"@type\":\"SearchAction\",\"target\":{\"@type\":\"EntryPoint\",\"urlTemplate\":\"https:\\\/\\\/www.prinas.de\\\/b2b\\\/?s={search_term_string}\"},\"query-input\":{\"@type\":\"PropertyValueSpecification\",\"valueRequired\":true,\"valueName\":\"search_term_string\"}}],\"inLanguage\":\"de\"}]}<\/script>\n<!-- \/ Yoast SEO plugin. -->","yoast_head_json":{"title":"Impressum | PRINAS MONTAN","description":"PRINAS MONTAN GmbH Versicherungsvermittler | Huyssenallee 100 | 45128 Essen | Telefon 069 3600 3400 | Email info@prinas.de","robots":{"index":"index","follow":"follow","max-snippet":"max-snippet:-1","max-image-preview":"max-image-preview:large","max-video-preview":"max-video-preview:-1"},"canonical":"https:\/\/www.prinas.de\/b2b\/beschwerdemanagement\/","og_locale":"de_DE","og_type":"article","og_title":"Impressum | PRINAS MONTAN","og_description":"PRINAS MONTAN GmbH Versicherungsvermittler | Huyssenallee 100 | 45128 Essen | Telefon 069 3600 3400 | Email info@prinas.de","og_url":"https:\/\/www.prinas.de\/b2b\/beschwerdemanagement\/","og_site_name":"Prinas Montan","article_modified_time":"2026-03-05T13:44:07+00:00","og_image":[{"width":2560,"height":1708,"url":"https:\/\/www.prinas.de\/b2b\/wp-content\/uploads\/scott-graham-OQMZwNd3ThU-unsplash-scaled.jpg","type":"image\/jpeg"}],"twitter_card":"summary_large_image","twitter_misc":{"Gesch\u00e4tzte Lesezeit":"6\u00a0Minuten"},"schema":{"@context":"https:\/\/schema.org","@graph":[{"@type":"WebPage","@id":"https:\/\/www.prinas.de\/b2b\/beschwerdemanagement\/","url":"https:\/\/www.prinas.de\/b2b\/beschwerdemanagement\/","name":"Impressum | PRINAS MONTAN","isPartOf":{"@id":"https:\/\/www.prinas.de\/b2b\/#website"},"datePublished":"2023-01-18T13:00:22+00:00","dateModified":"2026-03-05T13:44:07+00:00","description":"PRINAS MONTAN GmbH Versicherungsvermittler | Huyssenallee 100 | 45128 Essen | Telefon 069 3600 3400 | Email info@prinas.de","breadcrumb":{"@id":"https:\/\/www.prinas.de\/b2b\/beschwerdemanagement\/#breadcrumb"},"inLanguage":"de","potentialAction":[{"@type":"ReadAction","target":["https:\/\/www.prinas.de\/b2b\/beschwerdemanagement\/"]}]},{"@type":"BreadcrumbList","@id":"https:\/\/www.prinas.de\/b2b\/beschwerdemanagement\/#breadcrumb","itemListElement":[{"@type":"ListItem","position":1,"name":"Startseite","item":"https:\/\/www.prinas.de\/b2b\/"},{"@type":"ListItem","position":2,"name":"Beschwerdemanagement"}]},{"@type":"WebSite","@id":"https:\/\/www.prinas.de\/b2b\/#website","url":"https:\/\/www.prinas.de\/b2b\/","name":"Prinas Montan","description":"Eine weitere WordPress-Website","potentialAction":[{"@type":"SearchAction","target":{"@type":"EntryPoint","urlTemplate":"https:\/\/www.prinas.de\/b2b\/?s={search_term_string}"},"query-input":{"@type":"PropertyValueSpecification","valueRequired":true,"valueName":"search_term_string"}}],"inLanguage":"de"}]}},"_links":{"self":[{"href":"https:\/\/www.prinas.de\/b2b\/wp-json\/wp\/v2\/pages\/7679","targetHints":{"allow":["GET"]}}],"collection":[{"href":"https:\/\/www.prinas.de\/b2b\/wp-json\/wp\/v2\/pages"}],"about":[{"href":"https:\/\/www.prinas.de\/b2b\/wp-json\/wp\/v2\/types\/page"}],"author":[{"embeddable":true,"href":"https:\/\/www.prinas.de\/b2b\/wp-json\/wp\/v2\/users\/4"}],"replies":[{"embeddable":true,"href":"https:\/\/www.prinas.de\/b2b\/wp-json\/wp\/v2\/comments?post=7679"}],"version-history":[{"count":4,"href":"https:\/\/www.prinas.de\/b2b\/wp-json\/wp\/v2\/pages\/7679\/revisions"}],"predecessor-version":[{"id":8407,"href":"https:\/\/www.prinas.de\/b2b\/wp-json\/wp\/v2\/pages\/7679\/revisions\/8407"}],"wp:attachment":[{"href":"https:\/\/www.prinas.de\/b2b\/wp-json\/wp\/v2\/media?parent=7679"}],"curies":[{"name":"wp","href":"https:\/\/api.w.org\/{rel}","templated":true}]}}