{"id":7676,"date":"2023-01-18T13:49:12","date_gmt":"2023-01-18T12:49:12","guid":{"rendered":"https:\/\/www.prinas.de\/b2b\/?page_id=7676"},"modified":"2026-01-06T12:19:51","modified_gmt":"2026-01-06T11:19:51","slug":"erstinformationen-fuer-privatkunden","status":"publish","type":"page","link":"https:\/\/www.prinas.de\/b2b\/erstinformationen-fuer-privatkunden\/","title":{"rendered":"Erstinformationen f\u00fcr Privatkunden"},"content":{"rendered":"[vc_row type=&#8220;full_width_background&#8220; full_screen_row_position=&#8220;middle&#8220; column_margin=&#8220;default&#8220; column_direction=&#8220;default&#8220; column_direction_tablet=&#8220;default&#8220; column_direction_phone=&#8220;default&#8220; bg_color=&#8220;#ffffff&#8220; scene_position=&#8220;center&#8220; text_color=&#8220;dark&#8220; text_align=&#8220;left&#8220; row_border_radius=&#8220;none&#8220; row_border_radius_applies=&#8220;bg&#8220; overflow=&#8220;visible&#8220; advanced_gradient_angle=&#8220;0&#8243; overlay_strength=&#8220;0.3&#8243; gradient_direction=&#8220;left_to_right&#8220; shape_divider_position=&#8220;bottom&#8220; bg_image_animation=&#8220;none&#8220; gradient_type=&#8220;default&#8220; shape_type=&#8220;&#8220;][vc_column column_padding=&#8220;no-extra-padding&#8220; column_padding_tablet=&#8220;inherit&#8220; column_padding_phone=&#8220;inherit&#8220; column_padding_position=&#8220;all&#8220; column_element_spacing=&#8220;default&#8220; background_color_opacity=&#8220;1&#8243; background_hover_color_opacity=&#8220;1&#8243; column_shadow=&#8220;none&#8220; column_border_radius=&#8220;none&#8220; column_link_target=&#8220;_self&#8220; column_position=&#8220;default&#8220; gradient_direction=&#8220;left_to_right&#8220; overlay_strength=&#8220;0.3&#8243; width=&#8220;1\/1&#8243; tablet_width_inherit=&#8220;default&#8220; tablet_text_alignment=&#8220;default&#8220; phone_text_alignment=&#8220;default&#8220; animation_type=&#8220;default&#8220; bg_image_animation=&#8220;none&#8220; border_type=&#8220;simple&#8220; column_border_width=&#8220;none&#8220; column_border_style=&#8220;solid&#8220;][divider line_type=&#8220;No Line&#8220; custom_height=&#8220;50&#8243;][nectar_highlighted_text color_type=&#8220;regular&#8220; text_color=&#8220;#084986&#8243; style=&#8220;full_text&#8220; highlight_expansion=&#8220;default&#8220;]\n<h2 style=\"text-align: center;\">Erstinformationen f\u00fcr Privatkunden \u00a7 15, 16 Versicherungsvermittlerordnung<\/h2>\n[\/nectar_highlighted_text][divider line_type=&#8220;No Line&#8220; custom_height=&#8220;50&#8243;][vc_column_text css_animation=&#8220;fadeIn&#8220;]<span class=\"content_wrapper\"><strong>Firmenname und Kontaktdaten<\/strong><br \/>\nPRINAS MONTAN GmbH Versicherungsvermittler<br \/>\nHuyssenallee 100<br \/>\n45128 Essen<br \/>\nTel.: <a href=\"tel:+4920189072500\">0201 \/ 89072 500<\/a><br \/>\nE-Mail:\u00a0<a href=\"mailto:info@prinas.de\">info@prinas.de<\/a><br \/>\nInternet:\u00a0<a href=\"https:\/\/staging.prinas.de\/\">www.prinas.de<\/a><\/span><\/p>\n<p>Wir sind als Versicherungsmakler nach \u00a7 34 d Abs. 1 der Gewerbeordnung t\u00e4tig und im Vermittlerregister bei der IHK Essen unter der Nummer D-XZWH-B4VWI-70 registriert.[\/vc_column_text][divider line_type=&#8220;No Line&#8220; custom_height=&#8220;50&#8243;][\/vc_column][\/vc_row][vc_row type=&#8220;full_width_background&#8220; full_screen_row_position=&#8220;middle&#8220; column_margin=&#8220;default&#8220; column_direction=&#8220;default&#8220; column_direction_tablet=&#8220;default&#8220; column_direction_phone=&#8220;default&#8220; bg_color=&#8220;#ffffff&#8220; scene_position=&#8220;center&#8220; text_color=&#8220;dark&#8220; text_align=&#8220;left&#8220; row_border_radius=&#8220;none&#8220; row_border_radius_applies=&#8220;bg&#8220; overflow=&#8220;visible&#8220; advanced_gradient_angle=&#8220;0&#8243; overlay_strength=&#8220;0.3&#8243; gradient_direction=&#8220;left_to_right&#8220; shape_divider_position=&#8220;bottom&#8220; bg_image_animation=&#8220;none&#8220; gradient_type=&#8220;default&#8220; shape_type=&#8220;&#8220;][vc_column column_padding=&#8220;no-extra-padding&#8220; column_padding_tablet=&#8220;inherit&#8220; column_padding_phone=&#8220;inherit&#8220; column_padding_position=&#8220;all&#8220; column_element_spacing=&#8220;default&#8220; background_color_opacity=&#8220;1&#8243; background_hover_color_opacity=&#8220;1&#8243; column_shadow=&#8220;none&#8220; column_border_radius=&#8220;none&#8220; column_link_target=&#8220;_self&#8220; column_position=&#8220;default&#8220; gradient_direction=&#8220;left_to_right&#8220; overlay_strength=&#8220;0.3&#8243; width=&#8220;1\/1&#8243; tablet_width_inherit=&#8220;default&#8220; tablet_text_alignment=&#8220;default&#8220; phone_text_alignment=&#8220;default&#8220; animation_type=&#8220;default&#8220; bg_image_animation=&#8220;none&#8220; border_type=&#8220;simple&#8220; column_border_width=&#8220;none&#8220; column_border_style=&#8220;solid&#8220;][divider line_type=&#8220;No Line&#8220; custom_height=&#8220;50&#8243;][nectar_highlighted_text color_type=&#8220;regular&#8220; text_color=&#8220;#084986&#8243; style=&#8220;full_text&#8220; highlight_expansion=&#8220;default&#8220;]\n<h2 style=\"text-align: center;\">Kontaktdaten der IHK zu Essen<\/h2>\n[\/nectar_highlighted_text][divider line_type=&#8220;No Line&#8220; custom_height=&#8220;50&#8243;][vc_column_text css_animation=&#8220;fadeIn&#8220;]\n<div class=\"wpb_text_column wpb_content_element wpb_animate_when_almost_visible wpb_fadeIn fadeIn animated wpb_start_animation\">\n<div class=\"wpb_wrapper\">\n<p>Am Waldthausenpark 2, 45127 Essen<br \/>\nTel.: 0201\/1892-0<br \/>\nE-Mail:\u00a0<a href=\"mailto:ihkessen@essen.ihk.de\">ihkessen@essen.ihk.de<\/a><br \/>\nInternet: <a href=\"http:\/\/www.ihk.de\/meo\">www.ihk.de\/meo<\/a><\/p>\n<\/div>\n<\/div>\n<div class=\"divider-wrap\" data-alignment=\"default\"><\/div>\n[\/vc_column_text][divider line_type=&#8220;No Line&#8220; custom_height=&#8220;50&#8243;][\/vc_column][\/vc_row][vc_row type=&#8220;full_width_background&#8220; full_screen_row_position=&#8220;middle&#8220; column_margin=&#8220;default&#8220; column_direction=&#8220;default&#8220; column_direction_tablet=&#8220;default&#8220; column_direction_phone=&#8220;default&#8220; bg_color=&#8220;#ffffff&#8220; scene_position=&#8220;center&#8220; text_color=&#8220;dark&#8220; text_align=&#8220;left&#8220; row_border_radius=&#8220;none&#8220; row_border_radius_applies=&#8220;bg&#8220; overflow=&#8220;visible&#8220; advanced_gradient_angle=&#8220;0&#8243; overlay_strength=&#8220;0.3&#8243; gradient_direction=&#8220;left_to_right&#8220; shape_divider_position=&#8220;bottom&#8220; bg_image_animation=&#8220;none&#8220; gradient_type=&#8220;default&#8220; shape_type=&#8220;&#8220;][vc_column column_padding=&#8220;no-extra-padding&#8220; column_padding_tablet=&#8220;inherit&#8220; column_padding_phone=&#8220;inherit&#8220; column_padding_position=&#8220;all&#8220; column_element_spacing=&#8220;default&#8220; background_color_opacity=&#8220;1&#8243; background_hover_color_opacity=&#8220;1&#8243; column_shadow=&#8220;none&#8220; column_border_radius=&#8220;none&#8220; column_link_target=&#8220;_self&#8220; column_position=&#8220;default&#8220; gradient_direction=&#8220;left_to_right&#8220; overlay_strength=&#8220;0.3&#8243; width=&#8220;1\/1&#8243; tablet_width_inherit=&#8220;default&#8220; tablet_text_alignment=&#8220;default&#8220; phone_text_alignment=&#8220;default&#8220; animation_type=&#8220;default&#8220; bg_image_animation=&#8220;none&#8220; border_type=&#8220;simple&#8220; column_border_width=&#8220;none&#8220; column_border_style=&#8220;solid&#8220;][divider line_type=&#8220;No Line&#8220; custom_height=&#8220;50&#8243;][nectar_highlighted_text color_type=&#8220;regular&#8220; text_color=&#8220;#084986&#8243; style=&#8220;full_text&#8220; highlight_expansion=&#8220;default&#8220;]\n<h2 style=\"text-align: center;\">Bei Interesse k\u00f6nnen Sie die Angaben bei der Registerstelle \u00fcberpr\u00fcfen<\/h2>\n[\/nectar_highlighted_text][divider line_type=&#8220;No Line&#8220; custom_height=&#8220;50&#8243;][vc_column_text css_animation=&#8220;fadeIn&#8220;]\n<div class=\"wpb_text_column wpb_content_element wpb_animate_when_almost_visible wpb_fadeIn fadeIn animated wpb_start_animation\">\n<div class=\"wpb_wrapper\">Deutscher Industrie- und Handelskammertag e.V.<br \/>\nBreite Stra\u00dfe 29, 10178 Berlin<br \/>\nTel.: 0180 600 585 0*<br \/>\n(*20 Cent\/Min aus dem deutschen Festnetz, h\u00f6chstens 60 Cent\/Minute aus Mobilfunknetzen)<br \/>\nE-Mail: <a href=\"mailto:vr@dihk.de\">vr@dihk.de<\/a><br \/>\nInternet:\u00a0<a href=\"http:\/\/www.vermittlerregister.info\/\" target=\"_blank\" rel=\"noopener\">www.vermittlerregister.info<\/a><\/div>\n<\/div>\n[\/vc_column_text][divider line_type=&#8220;No Line&#8220; custom_height=&#8220;50&#8243;][\/vc_column][\/vc_row][vc_row type=&#8220;full_width_background&#8220; full_screen_row_position=&#8220;middle&#8220; column_margin=&#8220;default&#8220; column_direction=&#8220;default&#8220; column_direction_tablet=&#8220;default&#8220; column_direction_phone=&#8220;default&#8220; bg_color=&#8220;#ffffff&#8220; scene_position=&#8220;center&#8220; text_color=&#8220;dark&#8220; text_align=&#8220;left&#8220; row_border_radius=&#8220;none&#8220; row_border_radius_applies=&#8220;bg&#8220; overflow=&#8220;visible&#8220; advanced_gradient_angle=&#8220;0&#8243; overlay_strength=&#8220;0.3&#8243; gradient_direction=&#8220;left_to_right&#8220; shape_divider_position=&#8220;bottom&#8220; bg_image_animation=&#8220;none&#8220; gradient_type=&#8220;default&#8220; shape_type=&#8220;&#8220;][vc_column column_padding=&#8220;no-extra-padding&#8220; column_padding_tablet=&#8220;inherit&#8220; column_padding_phone=&#8220;inherit&#8220; column_padding_position=&#8220;all&#8220; column_element_spacing=&#8220;default&#8220; background_color_opacity=&#8220;1&#8243; background_hover_color_opacity=&#8220;1&#8243; column_shadow=&#8220;none&#8220; column_border_radius=&#8220;none&#8220; column_link_target=&#8220;_self&#8220; column_position=&#8220;default&#8220; gradient_direction=&#8220;left_to_right&#8220; overlay_strength=&#8220;0.3&#8243; width=&#8220;1\/1&#8243; tablet_width_inherit=&#8220;default&#8220; tablet_text_alignment=&#8220;default&#8220; phone_text_alignment=&#8220;default&#8220; animation_type=&#8220;default&#8220; bg_image_animation=&#8220;none&#8220; border_type=&#8220;simple&#8220; column_border_width=&#8220;none&#8220; column_border_style=&#8220;solid&#8220;][divider line_type=&#8220;No Line&#8220; custom_height=&#8220;50&#8243;][nectar_highlighted_text color_type=&#8220;regular&#8220; text_color=&#8220;#084986&#8243; style=&#8220;full_text&#8220; highlight_expansion=&#8220;default&#8220;]\n<h2 style=\"text-align: center;\">Beteiligungen<\/h2>\n[\/nectar_highlighted_text][divider line_type=&#8220;No Line&#8220; custom_height=&#8220;50&#8243;][vc_column_text css_animation=&#8220;fadeIn&#8220;]\n<div class=\"wpb_text_column wpb_content_element wpb_animate_when_almost_visible wpb_fadeIn fadeIn animated wpb_start_animation\">\n<div class=\"wpb_wrapper\">\n<p>PRINAS MONTAN h\u00e4lt keine direkte oder indirekte Beteiligung von \u00fcber zehn Prozent an den Stimmrechten oder am Kapital eines Versicherungsunternehmens. Umgekehrt h\u00e4lt auch kein Versicherungsunternehmen oder Mutterunternehmen eines Versicherungsunternehmens eine direkte oder indirekte Beteiligung von \u00fcber zehn Prozent an den Stimmrechten oder am Kapital von PRINAS MONTAN.<\/p>\n<\/div>\n<\/div>\n[\/vc_column_text][divider line_type=&#8220;No Line&#8220; custom_height=&#8220;50&#8243;][\/vc_column][\/vc_row][vc_row type=&#8220;full_width_background&#8220; full_screen_row_position=&#8220;middle&#8220; column_margin=&#8220;default&#8220; column_direction=&#8220;default&#8220; column_direction_tablet=&#8220;default&#8220; column_direction_phone=&#8220;default&#8220; bg_color=&#8220;#ffffff&#8220; scene_position=&#8220;center&#8220; text_color=&#8220;dark&#8220; text_align=&#8220;left&#8220; row_border_radius=&#8220;none&#8220; row_border_radius_applies=&#8220;bg&#8220; overflow=&#8220;visible&#8220; advanced_gradient_angle=&#8220;0&#8243; overlay_strength=&#8220;0.3&#8243; gradient_direction=&#8220;left_to_right&#8220; shape_divider_position=&#8220;bottom&#8220; bg_image_animation=&#8220;none&#8220; gradient_type=&#8220;default&#8220; shape_type=&#8220;&#8220;][vc_column column_padding=&#8220;no-extra-padding&#8220; column_padding_tablet=&#8220;inherit&#8220; column_padding_phone=&#8220;inherit&#8220; column_padding_position=&#8220;all&#8220; column_element_spacing=&#8220;default&#8220; background_color_opacity=&#8220;1&#8243; background_hover_color_opacity=&#8220;1&#8243; column_shadow=&#8220;none&#8220; column_border_radius=&#8220;none&#8220; column_link_target=&#8220;_self&#8220; column_position=&#8220;default&#8220; gradient_direction=&#8220;left_to_right&#8220; overlay_strength=&#8220;0.3&#8243; width=&#8220;1\/1&#8243; tablet_width_inherit=&#8220;default&#8220; tablet_text_alignment=&#8220;default&#8220; phone_text_alignment=&#8220;default&#8220; animation_type=&#8220;default&#8220; bg_image_animation=&#8220;none&#8220; border_type=&#8220;simple&#8220; column_border_width=&#8220;none&#8220; column_border_style=&#8220;solid&#8220;][divider line_type=&#8220;No Line&#8220; custom_height=&#8220;50&#8243;][nectar_highlighted_text color_type=&#8220;regular&#8220; text_color=&#8220;#084986&#8243; style=&#8220;full_text&#8220; highlight_expansion=&#8220;default&#8220;]\n<h2 style=\"text-align: center;\">Schlichtungsstellen f\u00fcr au\u00dfergerichtliche Streitbeilegung<\/h2>\n[\/nectar_highlighted_text][divider line_type=&#8220;No Line&#8220; custom_height=&#8220;50&#8243;][vc_column_text css_animation=&#8220;fadeIn&#8220;]\n<div class=\"wpb_text_column wpb_content_element wpb_animate_when_almost_visible wpb_fadeIn fadeIn animated wpb_start_animation\">\n<div class=\"wpb_wrapper\">\n<p>Sollten Sie mit unserer Leistung nicht zufrieden sein, w\u00fcrden wir uns \u00fcber eine entsprechende Information freuen und versuchen, m\u00f6gliche Probleme kundenfreundlich zu l\u00f6sen. Unabh\u00e4ngig davon besteht neben dem Rechtsweg die M\u00f6glichkeit, folgende Einrichtungen zu kontaktieren:<\/p>\n<\/div>\n<\/div>\n[\/vc_column_text][vc_column_text css_animation=&#8220;fadeIn&#8220;]\n<div class=\"wpb_text_column wpb_content_element wpb_animate_when_almost_visible wpb_fadeIn fadeIn animated wpb_start_animation\">\n<div class=\"wpb_wrapper\">\n<p>Versicherungsombudsmann e.V. \u2013 Postfach 08 06 22 \u2013 10006 Berlin<br \/>\n<a href=\"http:\/\/www.versicherungsombudsmann.de\/\" target=\"_blank\" rel=\"noopener\">www.versicherungsombudsmann.de<\/a><\/p>\n<p>Ombudsmann f\u00fcr die private Kranken- und Pflegeversicherung \u2013 Postfach 06 02 22 \u2013 10052 Berlin<br \/>\n<a href=\"http:\/\/www.pkv-ombudsmann.de\/\" target=\"_blank\" rel=\"noopener\">www.pkv-ombudsmann.de<\/a><\/p>\n<\/div>\n<\/div>\n[\/vc_column_text][divider line_type=&#8220;No Line&#8220; custom_height=&#8220;50&#8243;][\/vc_column][\/vc_row][vc_row type=&#8220;full_width_background&#8220; full_screen_row_position=&#8220;middle&#8220; column_margin=&#8220;default&#8220; column_direction=&#8220;default&#8220; column_direction_tablet=&#8220;default&#8220; column_direction_phone=&#8220;default&#8220; bg_color=&#8220;#ffffff&#8220; scene_position=&#8220;center&#8220; text_color=&#8220;dark&#8220; text_align=&#8220;left&#8220; row_border_radius=&#8220;none&#8220; row_border_radius_applies=&#8220;bg&#8220; overflow=&#8220;visible&#8220; advanced_gradient_angle=&#8220;0&#8243; overlay_strength=&#8220;0.3&#8243; gradient_direction=&#8220;left_to_right&#8220; shape_divider_position=&#8220;bottom&#8220; bg_image_animation=&#8220;none&#8220; gradient_type=&#8220;default&#8220; shape_type=&#8220;&#8220;][vc_column column_padding=&#8220;no-extra-padding&#8220; column_padding_tablet=&#8220;inherit&#8220; column_padding_phone=&#8220;inherit&#8220; column_padding_position=&#8220;all&#8220; column_element_spacing=&#8220;default&#8220; background_color_opacity=&#8220;1&#8243; background_hover_color_opacity=&#8220;1&#8243; column_shadow=&#8220;none&#8220; column_border_radius=&#8220;none&#8220; column_link_target=&#8220;_self&#8220; column_position=&#8220;default&#8220; gradient_direction=&#8220;left_to_right&#8220; overlay_strength=&#8220;0.3&#8243; width=&#8220;1\/1&#8243; tablet_width_inherit=&#8220;default&#8220; tablet_text_alignment=&#8220;default&#8220; phone_text_alignment=&#8220;default&#8220; animation_type=&#8220;default&#8220; bg_image_animation=&#8220;none&#8220; border_type=&#8220;simple&#8220; column_border_width=&#8220;none&#8220; column_border_style=&#8220;solid&#8220;][divider line_type=&#8220;No Line&#8220; custom_height=&#8220;50&#8243;][nectar_highlighted_text color_type=&#8220;regular&#8220; text_color=&#8220;#084986&#8243; style=&#8220;full_text&#8220; highlight_expansion=&#8220;default&#8220;]\n<h2 style=\"text-align: center;\">Informationen zur Teilnahme an Streitbeilegungsverfahren gem\u00e4\u00df \u00a7 36 VSBG<\/h2>\n[\/nectar_highlighted_text][divider line_type=&#8220;No Line&#8220; custom_height=&#8220;50&#8243;][vc_column_text css_animation=&#8220;fadeIn&#8220;]\n<div class=\"wpb_text_column wpb_content_element wpb_animate_when_almost_visible wpb_fadeIn fadeIn animated wpb_start_animation\">\n<div class=\"wpb_wrapper\">\n<p>Wir nehmen an einem Streitbeilegungsverfahren vor den vorgenannten Verbraucherschlichtungsstellen teil.<\/p>\n<\/div>\n<\/div>\n[\/vc_column_text][divider line_type=&#8220;No Line&#8220; custom_height=&#8220;50&#8243;][\/vc_column][\/vc_row][vc_row type=&#8220;full_width_background&#8220; full_screen_row_position=&#8220;middle&#8220; column_margin=&#8220;default&#8220; column_direction=&#8220;default&#8220; column_direction_tablet=&#8220;default&#8220; column_direction_phone=&#8220;default&#8220; bg_color=&#8220;#ffffff&#8220; scene_position=&#8220;center&#8220; text_color=&#8220;dark&#8220; text_align=&#8220;left&#8220; row_border_radius=&#8220;none&#8220; row_border_radius_applies=&#8220;bg&#8220; overflow=&#8220;visible&#8220; advanced_gradient_angle=&#8220;0&#8243; overlay_strength=&#8220;0.3&#8243; gradient_direction=&#8220;left_to_right&#8220; shape_divider_position=&#8220;bottom&#8220; bg_image_animation=&#8220;none&#8220; gradient_type=&#8220;default&#8220; shape_type=&#8220;&#8220;][vc_column column_padding=&#8220;no-extra-padding&#8220; column_padding_tablet=&#8220;inherit&#8220; column_padding_phone=&#8220;inherit&#8220; column_padding_position=&#8220;all&#8220; column_element_spacing=&#8220;default&#8220; background_color_opacity=&#8220;1&#8243; background_hover_color_opacity=&#8220;1&#8243; column_shadow=&#8220;none&#8220; column_border_radius=&#8220;none&#8220; column_link_target=&#8220;_self&#8220; column_position=&#8220;default&#8220; gradient_direction=&#8220;left_to_right&#8220; overlay_strength=&#8220;0.3&#8243; width=&#8220;1\/1&#8243; tablet_width_inherit=&#8220;default&#8220; tablet_text_alignment=&#8220;default&#8220; phone_text_alignment=&#8220;default&#8220; animation_type=&#8220;default&#8220; bg_image_animation=&#8220;none&#8220; border_type=&#8220;simple&#8220; column_border_width=&#8220;none&#8220; column_border_style=&#8220;solid&#8220;][divider line_type=&#8220;No Line&#8220; custom_height=&#8220;50&#8243;][nectar_highlighted_text color_type=&#8220;regular&#8220; text_color=&#8220;#084986&#8243; style=&#8220;full_text&#8220; highlight_expansion=&#8220;default&#8220;]\n<h2 style=\"text-align: center;\">Beratung<\/h2>\n[\/nectar_highlighted_text][divider line_type=&#8220;No Line&#8220; custom_height=&#8220;50&#8243;][vc_column_text css_animation=&#8220;fadeIn&#8220;]\n<div class=\"wpb_text_column wpb_content_element wpb_animate_when_almost_visible wpb_fadeIn fadeIn animated wpb_start_animation\">\n<div class=\"wpb_wrapper\">\n<p>Mit dem Auftrag zur Vermittlung einzelner Versicherungsprodukte \u00fcber dieses Portal findet keine Analyse des Versicherungsbedarfs statt. PRINAS MONTAN bietet ihren Kunden in allen Fragen rund um das Thema private Versicherungen eine ausf\u00fchrliche und neutrale Bewertung inklusive einer entsprechenden Bedarfsanalyse an. Sofern Sie eine ausf\u00fchrliche Beratung w\u00fcnschen, wenden Sie sich hierzu bitte an die Telefonnummern, die Sie in diesem Portal unter dem Punkt Ansprechpartner finden.<\/p>\n<p>Mit dem Auftrag zur Vermittlung einzelner Versicherungsprodukte \u00fcber dieses Portal wird PRINAS MONTAN ausschlie\u00dflich mit der Wahrnehmung der sich aus diesem konkreten Auftrag ergebenden Versicherungsangelegenheiten betraut. Eine anderweitige oder weitergehende T\u00e4tigkeits- oder Beratungsverpflichtung besteht nicht.<\/p>\n<\/div>\n<\/div>\n[\/vc_column_text][divider line_type=&#8220;No Line&#8220; custom_height=&#8220;50&#8243;][\/vc_column][\/vc_row][vc_row type=&#8220;full_width_background&#8220; full_screen_row_position=&#8220;middle&#8220; column_margin=&#8220;default&#8220; column_direction=&#8220;default&#8220; column_direction_tablet=&#8220;default&#8220; column_direction_phone=&#8220;default&#8220; bg_color=&#8220;#ffffff&#8220; scene_position=&#8220;center&#8220; text_color=&#8220;dark&#8220; text_align=&#8220;left&#8220; row_border_radius=&#8220;none&#8220; row_border_radius_applies=&#8220;bg&#8220; overflow=&#8220;visible&#8220; advanced_gradient_angle=&#8220;0&#8243; overlay_strength=&#8220;0.3&#8243; gradient_direction=&#8220;left_to_right&#8220; shape_divider_position=&#8220;bottom&#8220; bg_image_animation=&#8220;none&#8220; gradient_type=&#8220;default&#8220; shape_type=&#8220;&#8220;][vc_column column_padding=&#8220;no-extra-padding&#8220; column_padding_tablet=&#8220;inherit&#8220; column_padding_phone=&#8220;inherit&#8220; column_padding_position=&#8220;all&#8220; column_element_spacing=&#8220;default&#8220; background_color_opacity=&#8220;1&#8243; background_hover_color_opacity=&#8220;1&#8243; column_shadow=&#8220;none&#8220; column_border_radius=&#8220;none&#8220; column_link_target=&#8220;_self&#8220; column_position=&#8220;default&#8220; gradient_direction=&#8220;left_to_right&#8220; overlay_strength=&#8220;0.3&#8243; width=&#8220;1\/1&#8243; tablet_width_inherit=&#8220;default&#8220; tablet_text_alignment=&#8220;default&#8220; phone_text_alignment=&#8220;default&#8220; animation_type=&#8220;default&#8220; bg_image_animation=&#8220;none&#8220; border_type=&#8220;simple&#8220; column_border_width=&#8220;none&#8220; column_border_style=&#8220;solid&#8220;][divider line_type=&#8220;No Line&#8220; custom_height=&#8220;50&#8243;][nectar_highlighted_text color_type=&#8220;regular&#8220; text_color=&#8220;#084986&#8243; style=&#8220;full_text&#8220; highlight_expansion=&#8220;default&#8220;]\n<h2 style=\"text-align: center;\">Verg\u00fctung<\/h2>\n[\/nectar_highlighted_text][divider line_type=&#8220;No Line&#8220; custom_height=&#8220;50&#8243;][vc_column_text css_animation=&#8220;fadeIn&#8220;]\n<div class=\"wpb_text_column wpb_content_element wpb_animate_when_almost_visible wpb_fadeIn fadeIn animated wpb_start_animation\">\n<div class=\"wpb_wrapper\">\n<p>F\u00fcr unsere Dienstleistungen erhalten wir Provisionszahlungen durch die Produktgeber.<br \/>\nDie Provision ist Bestandteil der von Ihnen zu zahlenden Pr\u00e4mien.<\/p>\n<\/div>\n<\/div>\n[\/vc_column_text][divider line_type=&#8220;No Line&#8220; custom_height=&#8220;50&#8243;][\/vc_column][\/vc_row][vc_row type=&#8220;full_width_background&#8220; full_screen_row_position=&#8220;middle&#8220; column_margin=&#8220;default&#8220; column_direction=&#8220;default&#8220; column_direction_tablet=&#8220;default&#8220; column_direction_phone=&#8220;default&#8220; bg_color=&#8220;#ffffff&#8220; scene_position=&#8220;center&#8220; text_color=&#8220;dark&#8220; text_align=&#8220;left&#8220; row_border_radius=&#8220;none&#8220; row_border_radius_applies=&#8220;bg&#8220; overflow=&#8220;visible&#8220; advanced_gradient_angle=&#8220;0&#8243; overlay_strength=&#8220;0.3&#8243; gradient_direction=&#8220;left_to_right&#8220; shape_divider_position=&#8220;bottom&#8220; bg_image_animation=&#8220;none&#8220; gradient_type=&#8220;default&#8220; shape_type=&#8220;&#8220;][vc_column column_padding=&#8220;no-extra-padding&#8220; column_padding_tablet=&#8220;inherit&#8220; column_padding_phone=&#8220;inherit&#8220; column_padding_position=&#8220;all&#8220; column_element_spacing=&#8220;default&#8220; background_color_opacity=&#8220;1&#8243; background_hover_color_opacity=&#8220;1&#8243; column_shadow=&#8220;none&#8220; column_border_radius=&#8220;none&#8220; column_link_target=&#8220;_self&#8220; column_position=&#8220;default&#8220; gradient_direction=&#8220;left_to_right&#8220; overlay_strength=&#8220;0.3&#8243; width=&#8220;1\/1&#8243; tablet_width_inherit=&#8220;default&#8220; tablet_text_alignment=&#8220;default&#8220; phone_text_alignment=&#8220;default&#8220; animation_type=&#8220;default&#8220; bg_image_animation=&#8220;none&#8220; border_type=&#8220;simple&#8220; column_border_width=&#8220;none&#8220; column_border_style=&#8220;solid&#8220;][divider line_type=&#8220;No Line&#8220; custom_height=&#8220;50&#8243;][nectar_highlighted_text color_type=&#8220;regular&#8220; text_color=&#8220;#084986&#8243; style=&#8220;full_text&#8220; highlight_expansion=&#8220;default&#8220;]\n<h2 style=\"text-align: center;\">Auswahl der ber\u00fccksichtigten Versicherer f\u00fcr Privatkunden<\/h2>\n[\/nectar_highlighted_text][divider line_type=&#8220;No Line&#8220; custom_height=&#8220;50&#8243;][vc_column_text css_animation=&#8220;fadeIn&#8220;]\n<div class=\"wpb_text_column wpb_content_element wpb_animate_when_almost_visible wpb_fadeIn fadeIn animated wpb_start_animation\">\n<div class=\"wpb_wrapper\">\n<p>Wir vermitteln \u00fcberwiegend aus dem Portfolio folgender Anbieter:<\/p>\n<h3>Kfz, Sach, Haft, Unfall, Rechtsschutz<\/h3>\n<p>AIG, Allianz, Alte Leipziger, Adam-Riese, Adcuri, Ammerl\u00e4nder Versicherung, ARAG, AXA, BarmeniaGothaer, DA Direkt, Die Bayerische, Domcura, Ergo, GVO, Generali, Grundeigent\u00fcmer, Haftpflichtkasse, HanseMerkur, HDI, Helvetia, Itzehoer, Janitos, KRAVAG, Konzept&amp;Marketing, KS-Auxilia, Mannheimer, Neodigital, NRV, N\u00fcrnberger, OCC, \u00d6RAG, Provinzial, R+V, Rhion, Roland Rechtsschutz, Sparkassen Versicherung, Uelzener, VHV, Wehring + Wolfes, Z\u00fcrich<\/p>\n<h3>Personenversicherungen<\/h3>\n<p>Allianz, Alte Leipziger, ARAG, AXA, BarmeniaGothaer, Continentale, Deutsche Familienversicherung, Dialog, Die Bayerische, DKV, DLVAG, ERGO, Hallesche, Hannoversche Leben, HDI Leben, IDEAL, LV 1871, neue Leben, N\u00fcrnberger Lebensversicherung, Signal Iduna, S\u00fcddeutsche Krankenversicherung, Swiss Life, VBK, Volkswohl Bund<\/p>\n<h3>Reiseversicherungen<\/h3>\n<p>HanseMerkur<\/p>\n<p>&nbsp;<\/p>\n<p>Die Beschr\u00e4nkung auf die o.g. Anbieter beruht auf einem j\u00e4hrlichen Screening des Marktes, mit dem Ergebnis, dass diese Anbieter zurzeit ein hervorragendes Preis-Leistungs-Verh\u00e4ltnis f\u00fcr Versicherungs-Belegschaftsvermittler haben. PRINAS MONTAN hinterfragt\/\u00fcberpr\u00fcft die o.g. Partner j\u00e4hrlich.<\/p>\n<p>&nbsp;<\/p>\n<p>Stand: Essen, Januar 2026<\/p>\n<\/div>\n<\/div>\n[\/vc_column_text][divider line_type=&#8220;No Line&#8220; custom_height=&#8220;50&#8243;][\/vc_column][\/vc_row][vc_row type=&#8220;in_container&#8220; full_screen_row_position=&#8220;middle&#8220; column_margin=&#8220;default&#8220; column_direction=&#8220;default&#8220; column_direction_tablet=&#8220;default&#8220; column_direction_phone=&#8220;default&#8220; scene_position=&#8220;center&#8220; text_color=&#8220;dark&#8220; text_align=&#8220;left&#8220; row_border_radius=&#8220;none&#8220; row_border_radius_applies=&#8220;bg&#8220; overflow=&#8220;visible&#8220; overlay_strength=&#8220;0.3&#8243; gradient_direction=&#8220;left_to_right&#8220; shape_divider_position=&#8220;bottom&#8220; bg_image_animation=&#8220;none&#8220;][vc_column column_padding=&#8220;no-extra-padding&#8220; column_padding_tablet=&#8220;inherit&#8220; column_padding_phone=&#8220;inherit&#8220; column_padding_position=&#8220;all&#8220; column_element_spacing=&#8220;default&#8220; background_color_opacity=&#8220;1&#8243; background_hover_color_opacity=&#8220;1&#8243; column_shadow=&#8220;none&#8220; column_border_radius=&#8220;none&#8220; column_link_target=&#8220;_self&#8220; column_position=&#8220;default&#8220; gradient_direction=&#8220;left_to_right&#8220; overlay_strength=&#8220;0.3&#8243; width=&#8220;1\/1&#8243; tablet_width_inherit=&#8220;default&#8220; tablet_text_alignment=&#8220;default&#8220; phone_text_alignment=&#8220;default&#8220; animation_type=&#8220;default&#8220; bg_image_animation=&#8220;none&#8220; border_type=&#8220;simple&#8220; column_border_width=&#8220;none&#8220; column_border_style=&#8220;solid&#8220;][divider line_type=&#8220;No Line&#8220; custom_height=&#8220;50&#8243;][nectar_btn size=&#8220;jumbo&#8220; button_style=&#8220;regular&#8220; button_color_2=&#8220;Accent-Color&#8220; solid_text_color_override=&#8220;#ffffff&#8220; icon_family=&#8220;default_arrow&#8220; text=&#8220;Erstinformation als PDF&#8220; url=&#8220;https:\/\/www.prinas.de\/b2b\/wp-content\/uploads\/ErstInfo-Privatkunden_VersVermV05012026-online.pdf&#8220;][divider line_type=&#8220;No Line&#8220; custom_height=&#8220;50&#8243;][\/vc_column][\/vc_row]\n","protected":false},"excerpt":{"rendered":"<p>[vc_row type=&#8220;full_width_background&#8220; full_screen_row_position=&#8220;middle&#8220; column_margin=&#8220;default&#8220; column_direction=&#8220;default&#8220; column_direction_tablet=&#8220;default&#8220; column_direction_phone=&#8220;default&#8220; bg_color=&#8220;#ffffff&#8220; scene_position=&#8220;center&#8220; text_color=&#8220;dark&#8220; text_align=&#8220;left&#8220; row_border_radius=&#8220;none&#8220; row_border_radius_applies=&#8220;bg&#8220; overflow=&#8220;visible&#8220; advanced_gradient_angle=&#8220;0&#8243; overlay_strength=&#8220;0.3&#8243; gradient_direction=&#8220;left_to_right&#8220; shape_divider_position=&#8220;bottom&#8220; bg_image_animation=&#8220;none&#8220; gradient_type=&#8220;default&#8220; shape_type=&#8220;&#8220;][vc_column column_padding=&#8220;no-extra-padding&#8220; column_padding_tablet=&#8220;inherit&#8220; column_padding_phone=&#8220;inherit&#8220; column_padding_position=&#8220;all&#8220; column_element_spacing=&#8220;default&#8220; background_color_opacity=&#8220;1&#8243; background_hover_color_opacity=&#8220;1&#8243; column_shadow=&#8220;none&#8220; column_border_radius=&#8220;none&#8220;&#8230;<\/p>\n","protected":false},"author":4,"featured_media":7673,"parent":0,"menu_order":0,"comment_status":"closed","ping_status":"closed","template":"","meta":{"footnotes":""},"class_list":["post-7676","page","type-page","status-publish","has-post-thumbnail"],"acf":[],"yoast_head":"<!-- This site is optimized with the Yoast SEO plugin v27.5 - https:\/\/yoast.com\/product\/yoast-seo-wordpress\/ -->\n<title>Erstinformationen f\u00fcr Privatkunden | PRINAS MONTAN<\/title>\n<meta name=\"description\" content=\"Erstinformationen f\u00fcr Privatkunden nach \u00a7 15, 16 Versicherungsvermittlerordnung.\" \/>\n<meta name=\"robots\" content=\"index, follow, max-snippet:-1, max-image-preview:large, max-video-preview:-1\" \/>\n<link rel=\"canonical\" href=\"https:\/\/www.prinas.de\/b2b\/erstinformationen-fuer-privatkunden\/\" \/>\n<meta property=\"og:locale\" content=\"de_DE\" \/>\n<meta property=\"og:type\" content=\"article\" \/>\n<meta property=\"og:title\" content=\"Erstinformationen f\u00fcr Privatkunden | PRINAS MONTAN\" \/>\n<meta property=\"og:description\" content=\"Erstinformationen f\u00fcr Privatkunden nach \u00a7 15, 16 Versicherungsvermittlerordnung.\" \/>\n<meta property=\"og:url\" content=\"https:\/\/www.prinas.de\/b2b\/erstinformationen-fuer-privatkunden\/\" \/>\n<meta property=\"og:site_name\" content=\"Prinas Montan\" \/>\n<meta property=\"article:modified_time\" content=\"2026-01-06T11:19:51+00:00\" \/>\n<meta property=\"og:image\" content=\"https:\/\/www.prinas.de\/b2b\/wp-content\/uploads\/marcel-eberle-6bmOMqgfZwU-unsplash-scaled.jpg\" \/>\n\t<meta property=\"og:image:width\" content=\"2560\" \/>\n\t<meta property=\"og:image:height\" content=\"1708\" \/>\n\t<meta property=\"og:image:type\" content=\"image\/jpeg\" \/>\n<meta name=\"twitter:card\" content=\"summary_large_image\" \/>\n<meta name=\"twitter:label1\" content=\"Gesch\u00e4tzte Lesezeit\" \/>\n\t<meta name=\"twitter:data1\" content=\"6\u00a0Minuten\" \/>\n<script type=\"application\/ld+json\" class=\"yoast-schema-graph\">{\"@context\":\"https:\\\/\\\/schema.org\",\"@graph\":[{\"@type\":\"WebPage\",\"@id\":\"https:\\\/\\\/www.prinas.de\\\/b2b\\\/erstinformationen-fuer-privatkunden\\\/\",\"url\":\"https:\\\/\\\/www.prinas.de\\\/b2b\\\/erstinformationen-fuer-privatkunden\\\/\",\"name\":\"Erstinformationen f\u00fcr Privatkunden | PRINAS MONTAN\",\"isPartOf\":{\"@id\":\"https:\\\/\\\/www.prinas.de\\\/b2b\\\/#website\"},\"primaryImageOfPage\":{\"@id\":\"https:\\\/\\\/www.prinas.de\\\/b2b\\\/erstinformationen-fuer-privatkunden\\\/#primaryimage\"},\"image\":{\"@id\":\"https:\\\/\\\/www.prinas.de\\\/b2b\\\/erstinformationen-fuer-privatkunden\\\/#primaryimage\"},\"thumbnailUrl\":\"https:\\\/\\\/www.prinas.de\\\/b2b\\\/wp-content\\\/uploads\\\/marcel-eberle-6bmOMqgfZwU-unsplash-scaled.jpg\",\"datePublished\":\"2023-01-18T12:49:12+00:00\",\"dateModified\":\"2026-01-06T11:19:51+00:00\",\"description\":\"Erstinformationen f\u00fcr Privatkunden nach \u00a7 15, 16 Versicherungsvermittlerordnung.\",\"breadcrumb\":{\"@id\":\"https:\\\/\\\/www.prinas.de\\\/b2b\\\/erstinformationen-fuer-privatkunden\\\/#breadcrumb\"},\"inLanguage\":\"de\",\"potentialAction\":[{\"@type\":\"ReadAction\",\"target\":[\"https:\\\/\\\/www.prinas.de\\\/b2b\\\/erstinformationen-fuer-privatkunden\\\/\"]}]},{\"@type\":\"ImageObject\",\"inLanguage\":\"de\",\"@id\":\"https:\\\/\\\/www.prinas.de\\\/b2b\\\/erstinformationen-fuer-privatkunden\\\/#primaryimage\",\"url\":\"https:\\\/\\\/www.prinas.de\\\/b2b\\\/wp-content\\\/uploads\\\/marcel-eberle-6bmOMqgfZwU-unsplash-scaled.jpg\",\"contentUrl\":\"https:\\\/\\\/www.prinas.de\\\/b2b\\\/wp-content\\\/uploads\\\/marcel-eberle-6bmOMqgfZwU-unsplash-scaled.jpg\",\"width\":2560,\"height\":1708,\"caption\":\"Informationsschild\"},{\"@type\":\"BreadcrumbList\",\"@id\":\"https:\\\/\\\/www.prinas.de\\\/b2b\\\/erstinformationen-fuer-privatkunden\\\/#breadcrumb\",\"itemListElement\":[{\"@type\":\"ListItem\",\"position\":1,\"name\":\"Startseite\",\"item\":\"https:\\\/\\\/www.prinas.de\\\/b2b\\\/\"},{\"@type\":\"ListItem\",\"position\":2,\"name\":\"Erstinformationen f\u00fcr Privatkunden\"}]},{\"@type\":\"WebSite\",\"@id\":\"https:\\\/\\\/www.prinas.de\\\/b2b\\\/#website\",\"url\":\"https:\\\/\\\/www.prinas.de\\\/b2b\\\/\",\"name\":\"Prinas Montan\",\"description\":\"Eine weitere WordPress-Website\",\"potentialAction\":[{\"@type\":\"SearchAction\",\"target\":{\"@type\":\"EntryPoint\",\"urlTemplate\":\"https:\\\/\\\/www.prinas.de\\\/b2b\\\/?s={search_term_string}\"},\"query-input\":{\"@type\":\"PropertyValueSpecification\",\"valueRequired\":true,\"valueName\":\"search_term_string\"}}],\"inLanguage\":\"de\"}]}<\/script>\n<!-- \/ Yoast SEO plugin. -->","yoast_head_json":{"title":"Erstinformationen f\u00fcr Privatkunden | PRINAS MONTAN","description":"Erstinformationen f\u00fcr Privatkunden nach \u00a7 15, 16 Versicherungsvermittlerordnung.","robots":{"index":"index","follow":"follow","max-snippet":"max-snippet:-1","max-image-preview":"max-image-preview:large","max-video-preview":"max-video-preview:-1"},"canonical":"https:\/\/www.prinas.de\/b2b\/erstinformationen-fuer-privatkunden\/","og_locale":"de_DE","og_type":"article","og_title":"Erstinformationen f\u00fcr Privatkunden | PRINAS MONTAN","og_description":"Erstinformationen f\u00fcr Privatkunden nach \u00a7 15, 16 Versicherungsvermittlerordnung.","og_url":"https:\/\/www.prinas.de\/b2b\/erstinformationen-fuer-privatkunden\/","og_site_name":"Prinas Montan","article_modified_time":"2026-01-06T11:19:51+00:00","og_image":[{"width":2560,"height":1708,"url":"https:\/\/www.prinas.de\/b2b\/wp-content\/uploads\/marcel-eberle-6bmOMqgfZwU-unsplash-scaled.jpg","type":"image\/jpeg"}],"twitter_card":"summary_large_image","twitter_misc":{"Gesch\u00e4tzte Lesezeit":"6\u00a0Minuten"},"schema":{"@context":"https:\/\/schema.org","@graph":[{"@type":"WebPage","@id":"https:\/\/www.prinas.de\/b2b\/erstinformationen-fuer-privatkunden\/","url":"https:\/\/www.prinas.de\/b2b\/erstinformationen-fuer-privatkunden\/","name":"Erstinformationen f\u00fcr Privatkunden | PRINAS MONTAN","isPartOf":{"@id":"https:\/\/www.prinas.de\/b2b\/#website"},"primaryImageOfPage":{"@id":"https:\/\/www.prinas.de\/b2b\/erstinformationen-fuer-privatkunden\/#primaryimage"},"image":{"@id":"https:\/\/www.prinas.de\/b2b\/erstinformationen-fuer-privatkunden\/#primaryimage"},"thumbnailUrl":"https:\/\/www.prinas.de\/b2b\/wp-content\/uploads\/marcel-eberle-6bmOMqgfZwU-unsplash-scaled.jpg","datePublished":"2023-01-18T12:49:12+00:00","dateModified":"2026-01-06T11:19:51+00:00","description":"Erstinformationen f\u00fcr Privatkunden nach \u00a7 15, 16 Versicherungsvermittlerordnung.","breadcrumb":{"@id":"https:\/\/www.prinas.de\/b2b\/erstinformationen-fuer-privatkunden\/#breadcrumb"},"inLanguage":"de","potentialAction":[{"@type":"ReadAction","target":["https:\/\/www.prinas.de\/b2b\/erstinformationen-fuer-privatkunden\/"]}]},{"@type":"ImageObject","inLanguage":"de","@id":"https:\/\/www.prinas.de\/b2b\/erstinformationen-fuer-privatkunden\/#primaryimage","url":"https:\/\/www.prinas.de\/b2b\/wp-content\/uploads\/marcel-eberle-6bmOMqgfZwU-unsplash-scaled.jpg","contentUrl":"https:\/\/www.prinas.de\/b2b\/wp-content\/uploads\/marcel-eberle-6bmOMqgfZwU-unsplash-scaled.jpg","width":2560,"height":1708,"caption":"Informationsschild"},{"@type":"BreadcrumbList","@id":"https:\/\/www.prinas.de\/b2b\/erstinformationen-fuer-privatkunden\/#breadcrumb","itemListElement":[{"@type":"ListItem","position":1,"name":"Startseite","item":"https:\/\/www.prinas.de\/b2b\/"},{"@type":"ListItem","position":2,"name":"Erstinformationen f\u00fcr Privatkunden"}]},{"@type":"WebSite","@id":"https:\/\/www.prinas.de\/b2b\/#website","url":"https:\/\/www.prinas.de\/b2b\/","name":"Prinas Montan","description":"Eine weitere WordPress-Website","potentialAction":[{"@type":"SearchAction","target":{"@type":"EntryPoint","urlTemplate":"https:\/\/www.prinas.de\/b2b\/?s={search_term_string}"},"query-input":{"@type":"PropertyValueSpecification","valueRequired":true,"valueName":"search_term_string"}}],"inLanguage":"de"}]}},"_links":{"self":[{"href":"https:\/\/www.prinas.de\/b2b\/wp-json\/wp\/v2\/pages\/7676","targetHints":{"allow":["GET"]}}],"collection":[{"href":"https:\/\/www.prinas.de\/b2b\/wp-json\/wp\/v2\/pages"}],"about":[{"href":"https:\/\/www.prinas.de\/b2b\/wp-json\/wp\/v2\/types\/page"}],"author":[{"embeddable":true,"href":"https:\/\/www.prinas.de\/b2b\/wp-json\/wp\/v2\/users\/4"}],"replies":[{"embeddable":true,"href":"https:\/\/www.prinas.de\/b2b\/wp-json\/wp\/v2\/comments?post=7676"}],"version-history":[{"count":5,"href":"https:\/\/www.prinas.de\/b2b\/wp-json\/wp\/v2\/pages\/7676\/revisions"}],"predecessor-version":[{"id":8261,"href":"https:\/\/www.prinas.de\/b2b\/wp-json\/wp\/v2\/pages\/7676\/revisions\/8261"}],"wp:featuredmedia":[{"embeddable":true,"href":"https:\/\/www.prinas.de\/b2b\/wp-json\/wp\/v2\/media\/7673"}],"wp:attachment":[{"href":"https:\/\/www.prinas.de\/b2b\/wp-json\/wp\/v2\/media?parent=7676"}],"curies":[{"name":"wp","href":"https:\/\/api.w.org\/{rel}","templated":true}]}}