{"id":7672,"date":"2023-01-18T13:42:04","date_gmt":"2023-01-18T12:42:04","guid":{"rendered":"https:\/\/www.prinas.de\/b2b\/?page_id=7672"},"modified":"2026-03-05T15:25:46","modified_gmt":"2026-03-05T14:25:46","slug":"erstinformationen-fuer-firmenkunden","status":"publish","type":"page","link":"https:\/\/www.prinas.de\/b2b\/erstinformationen-fuer-firmenkunden\/","title":{"rendered":"Erstinformationen f\u00fcr Firmenkunden"},"content":{"rendered":"[vc_row type=&#8220;full_width_background&#8220; full_screen_row_position=&#8220;middle&#8220; column_margin=&#8220;default&#8220; column_direction=&#8220;default&#8220; column_direction_tablet=&#8220;default&#8220; column_direction_phone=&#8220;default&#8220; bg_color=&#8220;#ffffff&#8220; scene_position=&#8220;center&#8220; text_color=&#8220;dark&#8220; text_align=&#8220;left&#8220; row_border_radius=&#8220;none&#8220; row_border_radius_applies=&#8220;bg&#8220; overflow=&#8220;visible&#8220; advanced_gradient_angle=&#8220;0&#8243; overlay_strength=&#8220;0.3&#8243; gradient_direction=&#8220;left_to_right&#8220; shape_divider_position=&#8220;bottom&#8220; bg_image_animation=&#8220;none&#8220; gradient_type=&#8220;default&#8220; shape_type=&#8220;&#8220;][vc_column column_padding=&#8220;no-extra-padding&#8220; column_padding_tablet=&#8220;inherit&#8220; column_padding_phone=&#8220;inherit&#8220; column_padding_position=&#8220;all&#8220; column_element_spacing=&#8220;default&#8220; background_color_opacity=&#8220;1&#8243; background_hover_color_opacity=&#8220;1&#8243; column_shadow=&#8220;none&#8220; column_border_radius=&#8220;none&#8220; column_link_target=&#8220;_self&#8220; column_position=&#8220;default&#8220; gradient_direction=&#8220;left_to_right&#8220; overlay_strength=&#8220;0.3&#8243; width=&#8220;1\/1&#8243; tablet_width_inherit=&#8220;default&#8220; tablet_text_alignment=&#8220;default&#8220; phone_text_alignment=&#8220;default&#8220; animation_type=&#8220;default&#8220; bg_image_animation=&#8220;none&#8220; border_type=&#8220;simple&#8220; column_border_width=&#8220;none&#8220; column_border_style=&#8220;solid&#8220;][divider line_type=&#8220;No Line&#8220; custom_height=&#8220;50&#8243;][nectar_highlighted_text color_type=&#8220;regular&#8220; text_color=&#8220;#084986&#8243; style=&#8220;full_text&#8220; highlight_expansion=&#8220;default&#8220;]\n<h2 style=\"text-align: center;\">Erstinformationen f\u00fcr Firmenkunden \u00a7 15 Versicherungsvermittlerordnung (VersVermV)<\/h2>\n[\/nectar_highlighted_text][divider line_type=&#8220;No Line&#8220; custom_height=&#8220;50&#8243;][vc_column_text css_animation=&#8220;fadeIn&#8220;]<strong>Firmenname und Anschrift<\/strong><br \/>\nPRINAS MONTAN GmbH Versicherungsvermittler (PMV)<br \/>\nHuyssenallee 100<br \/>\n45128 Essen<br \/>\nTel.: 0201 89072 700<br \/>\nE-Mail: <a href=\"mailto:firmen@prinas.de\">firmen@prinas.de<\/a><br \/>\nInternet:\u00a0<a href=\"https:\/\/www.prinas.de\/b2b\" target=\"_blank\" rel=\"noopener\">www.prinas.de<\/a>[\/vc_column_text][divider line_type=&#8220;No Line&#8220; custom_height=&#8220;50&#8243;][\/vc_column][\/vc_row][vc_row type=&#8220;full_width_background&#8220; full_screen_row_position=&#8220;middle&#8220; column_margin=&#8220;default&#8220; column_direction=&#8220;default&#8220; column_direction_tablet=&#8220;default&#8220; column_direction_phone=&#8220;default&#8220; bg_color=&#8220;#ffffff&#8220; scene_position=&#8220;center&#8220; text_color=&#8220;dark&#8220; text_align=&#8220;left&#8220; row_border_radius=&#8220;none&#8220; row_border_radius_applies=&#8220;bg&#8220; overflow=&#8220;visible&#8220; advanced_gradient_angle=&#8220;0&#8243; overlay_strength=&#8220;0.3&#8243; gradient_direction=&#8220;left_to_right&#8220; shape_divider_position=&#8220;bottom&#8220; bg_image_animation=&#8220;none&#8220; gradient_type=&#8220;default&#8220; shape_type=&#8220;&#8220;][vc_column column_padding=&#8220;no-extra-padding&#8220; column_padding_tablet=&#8220;inherit&#8220; column_padding_phone=&#8220;inherit&#8220; column_padding_position=&#8220;all&#8220; column_element_spacing=&#8220;default&#8220; background_color_opacity=&#8220;1&#8243; background_hover_color_opacity=&#8220;1&#8243; column_shadow=&#8220;none&#8220; column_border_radius=&#8220;none&#8220; column_link_target=&#8220;_self&#8220; column_position=&#8220;default&#8220; gradient_direction=&#8220;left_to_right&#8220; overlay_strength=&#8220;0.3&#8243; width=&#8220;1\/1&#8243; tablet_width_inherit=&#8220;default&#8220; tablet_text_alignment=&#8220;default&#8220; phone_text_alignment=&#8220;default&#8220; animation_type=&#8220;default&#8220; bg_image_animation=&#8220;none&#8220; border_type=&#8220;simple&#8220; column_border_width=&#8220;none&#8220; column_border_style=&#8220;solid&#8220;][divider line_type=&#8220;No Line&#8220; custom_height=&#8220;50&#8243;][nectar_highlighted_text color_type=&#8220;regular&#8220; text_color=&#8220;#084986&#8243; style=&#8220;full_text&#8220; highlight_expansion=&#8220;default&#8220;]\n<h2 style=\"text-align: center;\">T\u00e4tigkeitsart und Erlaubnisbeh\u00f6rde<\/h2>\n[\/nectar_highlighted_text][divider line_type=&#8220;No Line&#8220; custom_height=&#8220;50&#8243;][vc_column_text css_animation=&#8220;fadeIn&#8220;]PMV ist als Versicherungsmakler nach \u00a7 34 d Abs. 1 der Gewerbeordnung t\u00e4tig und bei der IHK Essen als zust\u00e4ndige Erlaubnis- und Aufsichtsbeh\u00f6rde gemeldet und zugelassen.[\/vc_column_text][divider line_type=&#8220;No Line&#8220; custom_height=&#8220;50&#8243;][\/vc_column][\/vc_row][vc_row type=&#8220;full_width_background&#8220; full_screen_row_position=&#8220;middle&#8220; column_margin=&#8220;default&#8220; column_direction=&#8220;default&#8220; column_direction_tablet=&#8220;default&#8220; column_direction_phone=&#8220;default&#8220; bg_color=&#8220;#ffffff&#8220; scene_position=&#8220;center&#8220; text_color=&#8220;dark&#8220; text_align=&#8220;left&#8220; row_border_radius=&#8220;none&#8220; row_border_radius_applies=&#8220;bg&#8220; overflow=&#8220;visible&#8220; advanced_gradient_angle=&#8220;0&#8243; overlay_strength=&#8220;0.3&#8243; gradient_direction=&#8220;left_to_right&#8220; shape_divider_position=&#8220;bottom&#8220; bg_image_animation=&#8220;none&#8220; gradient_type=&#8220;default&#8220; shape_type=&#8220;&#8220;][vc_column column_padding=&#8220;no-extra-padding&#8220; column_padding_tablet=&#8220;inherit&#8220; column_padding_phone=&#8220;inherit&#8220; column_padding_position=&#8220;all&#8220; column_element_spacing=&#8220;default&#8220; background_color_opacity=&#8220;1&#8243; background_hover_color_opacity=&#8220;1&#8243; column_shadow=&#8220;none&#8220; column_border_radius=&#8220;none&#8220; column_link_target=&#8220;_self&#8220; column_position=&#8220;default&#8220; gradient_direction=&#8220;left_to_right&#8220; overlay_strength=&#8220;0.3&#8243; width=&#8220;1\/1&#8243; tablet_width_inherit=&#8220;default&#8220; tablet_text_alignment=&#8220;default&#8220; phone_text_alignment=&#8220;default&#8220; animation_type=&#8220;default&#8220; bg_image_animation=&#8220;none&#8220; border_type=&#8220;simple&#8220; column_border_width=&#8220;none&#8220; column_border_style=&#8220;solid&#8220;][divider line_type=&#8220;No Line&#8220; custom_height=&#8220;50&#8243;][nectar_highlighted_text color_type=&#8220;regular&#8220; text_color=&#8220;#084986&#8243; style=&#8220;full_text&#8220; highlight_expansion=&#8220;default&#8220;]\n<h2 style=\"text-align: center;\">Kontaktdaten der IHK zu Essen<\/h2>\n[\/nectar_highlighted_text][divider line_type=&#8220;No Line&#8220; custom_height=&#8220;50&#8243;][vc_column_text css_animation=&#8220;fadeIn&#8220;]\n<div class=\"wpb_text_column wpb_content_element wpb_animate_when_almost_visible wpb_fadeIn fadeIn animated wpb_start_animation\">\n<div class=\"wpb_wrapper\">\n<p>Am Waldthausenpark 2, 45127 Essen<br \/>\nTel.: 0201\/1892-0<br \/>\nE-Mail:\u00a0<a href=\"mailto:ihkessen@essen.ihk.de\">ihkessen@essen.ihk.de<\/a><br \/>\nInternet: <a href=\"http:\/\/www.ihk.de\/meo\">www.ihk.de\/meo<\/a><\/p>\n<\/div>\n<\/div>\n<div class=\"divider-wrap\" data-alignment=\"default\"><\/div>\n[\/vc_column_text][divider line_type=&#8220;No Line&#8220; custom_height=&#8220;50&#8243;][\/vc_column][\/vc_row][vc_row type=&#8220;full_width_background&#8220; full_screen_row_position=&#8220;middle&#8220; column_margin=&#8220;default&#8220; column_direction=&#8220;default&#8220; column_direction_tablet=&#8220;default&#8220; column_direction_phone=&#8220;default&#8220; bg_color=&#8220;#ffffff&#8220; scene_position=&#8220;center&#8220; text_color=&#8220;dark&#8220; text_align=&#8220;left&#8220; row_border_radius=&#8220;none&#8220; row_border_radius_applies=&#8220;bg&#8220; overflow=&#8220;visible&#8220; advanced_gradient_angle=&#8220;0&#8243; overlay_strength=&#8220;0.3&#8243; gradient_direction=&#8220;left_to_right&#8220; shape_divider_position=&#8220;bottom&#8220; bg_image_animation=&#8220;none&#8220; gradient_type=&#8220;default&#8220; shape_type=&#8220;&#8220;][vc_column column_padding=&#8220;no-extra-padding&#8220; column_padding_tablet=&#8220;inherit&#8220; column_padding_phone=&#8220;inherit&#8220; column_padding_position=&#8220;all&#8220; column_element_spacing=&#8220;default&#8220; background_color_opacity=&#8220;1&#8243; background_hover_color_opacity=&#8220;1&#8243; column_shadow=&#8220;none&#8220; column_border_radius=&#8220;none&#8220; column_link_target=&#8220;_self&#8220; column_position=&#8220;default&#8220; gradient_direction=&#8220;left_to_right&#8220; overlay_strength=&#8220;0.3&#8243; width=&#8220;1\/1&#8243; tablet_width_inherit=&#8220;default&#8220; tablet_text_alignment=&#8220;default&#8220; phone_text_alignment=&#8220;default&#8220; animation_type=&#8220;default&#8220; bg_image_animation=&#8220;none&#8220; border_type=&#8220;simple&#8220; column_border_width=&#8220;none&#8220; column_border_style=&#8220;solid&#8220;][divider line_type=&#8220;No Line&#8220; custom_height=&#8220;50&#8243;][nectar_highlighted_text color_type=&#8220;regular&#8220; text_color=&#8220;#084986&#8243; style=&#8220;full_text&#8220; highlight_expansion=&#8220;default&#8220;]\n<h2 style=\"text-align: center;\">Gemeinsame Registerstelle nach \u00a7 11 a Abs. 1 GewO und Eintragung ins Vermittlerregister<\/h2>\n[\/nectar_highlighted_text][divider line_type=&#8220;No Line&#8220; custom_height=&#8220;50&#8243;][vc_column_text css_animation=&#8220;fadeIn&#8220;]\n<div class=\"wpb_text_column wpb_content_element wpb_animate_when_almost_visible wpb_fadeIn fadeIn animated wpb_start_animation\">\n<div class=\"wpb_wrapper\">\n<p>Deutscher Industrie- und Handelskammertag e.V. (DIHK)<br \/>\nBreite Stra\u00dfe 29, 10178 Berlin<br \/>\nTel.: 0180\/600-585-0*<br \/>\n(*20 Cent\/Min aus dem deutschen Festnetz, h\u00f6chstens 60 Cent\/Minute aus Mobilfunknetzen)<br \/>\nInternet:\u00a0<a href=\"http:\/\/www.vermittlerregister.info\/\" target=\"_blank\" rel=\"noopener\">www.vermittlerregister.info<\/a><\/p>\n<p>Die Eintragung im Vermittlerregister (www.vermittlerregister.info) kann unter folgender Registrierungsnummer abgerufen werden: D-XZWH-B4VWI-70<\/p>\n<\/div>\n<\/div>\n<div class=\"divider-wrap\" data-alignment=\"default\"><\/div>\n[\/vc_column_text][divider line_type=&#8220;No Line&#8220; custom_height=&#8220;50&#8243;][\/vc_column][\/vc_row][vc_row type=&#8220;full_width_background&#8220; full_screen_row_position=&#8220;middle&#8220; column_margin=&#8220;default&#8220; column_direction=&#8220;default&#8220; column_direction_tablet=&#8220;default&#8220; column_direction_phone=&#8220;default&#8220; bg_color=&#8220;#ffffff&#8220; scene_position=&#8220;center&#8220; text_color=&#8220;dark&#8220; text_align=&#8220;left&#8220; row_border_radius=&#8220;none&#8220; row_border_radius_applies=&#8220;bg&#8220; overflow=&#8220;visible&#8220; advanced_gradient_angle=&#8220;0&#8243; overlay_strength=&#8220;0.3&#8243; gradient_direction=&#8220;left_to_right&#8220; shape_divider_position=&#8220;bottom&#8220; bg_image_animation=&#8220;none&#8220; gradient_type=&#8220;default&#8220; shape_type=&#8220;&#8220;][vc_column column_padding=&#8220;no-extra-padding&#8220; column_padding_tablet=&#8220;inherit&#8220; column_padding_phone=&#8220;inherit&#8220; column_padding_position=&#8220;all&#8220; column_element_spacing=&#8220;default&#8220; background_color_opacity=&#8220;1&#8243; background_hover_color_opacity=&#8220;1&#8243; column_shadow=&#8220;none&#8220; column_border_radius=&#8220;none&#8220; column_link_target=&#8220;_self&#8220; column_position=&#8220;default&#8220; gradient_direction=&#8220;left_to_right&#8220; overlay_strength=&#8220;0.3&#8243; width=&#8220;1\/1&#8243; tablet_width_inherit=&#8220;default&#8220; tablet_text_alignment=&#8220;default&#8220; phone_text_alignment=&#8220;default&#8220; animation_type=&#8220;default&#8220; bg_image_animation=&#8220;none&#8220; border_type=&#8220;simple&#8220; column_border_width=&#8220;none&#8220; column_border_style=&#8220;solid&#8220;][divider line_type=&#8220;No Line&#8220; custom_height=&#8220;50&#8243;][nectar_highlighted_text color_type=&#8220;regular&#8220; text_color=&#8220;#084986&#8243; style=&#8220;full_text&#8220; highlight_expansion=&#8220;default&#8220;]\n<h2 style=\"text-align: center;\">Beratung<\/h2>\n[\/nectar_highlighted_text][divider line_type=&#8220;No Line&#8220; custom_height=&#8220;50&#8243;][vc_column_text css_animation=&#8220;fadeIn&#8220;]\n<div class=\"wpb_text_column wpb_content_element wpb_animate_when_almost_visible wpb_fadeIn fadeIn animated wpb_start_animation\">\n<div class=\"wpb_wrapper\">\n<p>PMV bietet Firmenkunden eine Beratung an.<\/p>\n<\/div>\n<\/div>\n[\/vc_column_text][divider line_type=&#8220;No Line&#8220; custom_height=&#8220;50&#8243;][\/vc_column][\/vc_row][vc_row type=&#8220;full_width_background&#8220; full_screen_row_position=&#8220;middle&#8220; column_margin=&#8220;default&#8220; column_direction=&#8220;default&#8220; column_direction_tablet=&#8220;default&#8220; column_direction_phone=&#8220;default&#8220; bg_color=&#8220;#ffffff&#8220; scene_position=&#8220;center&#8220; text_color=&#8220;dark&#8220; text_align=&#8220;left&#8220; row_border_radius=&#8220;none&#8220; row_border_radius_applies=&#8220;bg&#8220; overflow=&#8220;visible&#8220; advanced_gradient_angle=&#8220;0&#8243; overlay_strength=&#8220;0.3&#8243; gradient_direction=&#8220;left_to_right&#8220; shape_divider_position=&#8220;bottom&#8220; bg_image_animation=&#8220;none&#8220; gradient_type=&#8220;default&#8220; shape_type=&#8220;&#8220;][vc_column column_padding=&#8220;no-extra-padding&#8220; column_padding_tablet=&#8220;inherit&#8220; column_padding_phone=&#8220;inherit&#8220; column_padding_position=&#8220;all&#8220; column_element_spacing=&#8220;default&#8220; background_color_opacity=&#8220;1&#8243; background_hover_color_opacity=&#8220;1&#8243; column_shadow=&#8220;none&#8220; column_border_radius=&#8220;none&#8220; column_link_target=&#8220;_self&#8220; column_position=&#8220;default&#8220; gradient_direction=&#8220;left_to_right&#8220; overlay_strength=&#8220;0.3&#8243; width=&#8220;1\/1&#8243; tablet_width_inherit=&#8220;default&#8220; tablet_text_alignment=&#8220;default&#8220; phone_text_alignment=&#8220;default&#8220; animation_type=&#8220;default&#8220; bg_image_animation=&#8220;none&#8220; border_type=&#8220;simple&#8220; column_border_width=&#8220;none&#8220; column_border_style=&#8220;solid&#8220;][divider line_type=&#8220;No Line&#8220; custom_height=&#8220;50&#8243;][nectar_highlighted_text color_type=&#8220;regular&#8220; text_color=&#8220;#084986&#8243; style=&#8220;full_text&#8220; highlight_expansion=&#8220;default&#8220;]\n<h2 style=\"text-align: center;\">Verg\u00fctung<\/h2>\n[\/nectar_highlighted_text][divider line_type=&#8220;No Line&#8220; custom_height=&#8220;50&#8243;][vc_column_text css_animation=&#8220;fadeIn&#8220;]\n<div class=\"wpb_text_column wpb_content_element wpb_animate_when_almost_visible wpb_fadeIn fadeIn animated wpb_start_animation\">\n<div class=\"wpb_wrapper\">\n<p>PMV erh\u00e4lt f\u00fcr die T\u00e4tigkeiten gegen\u00fcber dem Kunden eine vereinbarte Verg\u00fctung. Diese erfolgt entweder als Courtage als Bestandteil der Versicherungspr\u00e4mie durch den Produktanbieter \/ Versicherer, als Honorarzahlung durch den Kunden oder als Kombination aus Courtage und Honorar. Neben diesen Verg\u00fctungsarten kann PMV f\u00fcr Dienstleistungen, die gegen\u00fcber Versicherungsunternehmen erbracht werden, eine gesonderte Verg\u00fctung von den Versicherungsunternehmen erhalten.<\/p>\n<\/div>\n<\/div>\n[\/vc_column_text][divider line_type=&#8220;No Line&#8220; custom_height=&#8220;50&#8243;][\/vc_column][\/vc_row][vc_row type=&#8220;full_width_background&#8220; full_screen_row_position=&#8220;middle&#8220; column_margin=&#8220;default&#8220; column_direction=&#8220;default&#8220; column_direction_tablet=&#8220;default&#8220; column_direction_phone=&#8220;default&#8220; bg_color=&#8220;#ffffff&#8220; scene_position=&#8220;center&#8220; text_color=&#8220;dark&#8220; text_align=&#8220;left&#8220; row_border_radius=&#8220;none&#8220; row_border_radius_applies=&#8220;bg&#8220; overflow=&#8220;visible&#8220; advanced_gradient_angle=&#8220;0&#8243; overlay_strength=&#8220;0.3&#8243; gradient_direction=&#8220;left_to_right&#8220; shape_divider_position=&#8220;bottom&#8220; bg_image_animation=&#8220;none&#8220; gradient_type=&#8220;default&#8220; shape_type=&#8220;&#8220;][vc_column column_padding=&#8220;no-extra-padding&#8220; column_padding_tablet=&#8220;inherit&#8220; column_padding_phone=&#8220;inherit&#8220; column_padding_position=&#8220;all&#8220; column_element_spacing=&#8220;default&#8220; background_color_opacity=&#8220;1&#8243; background_hover_color_opacity=&#8220;1&#8243; column_shadow=&#8220;none&#8220; column_border_radius=&#8220;none&#8220; column_link_target=&#8220;_self&#8220; column_position=&#8220;default&#8220; gradient_direction=&#8220;left_to_right&#8220; overlay_strength=&#8220;0.3&#8243; width=&#8220;1\/1&#8243; tablet_width_inherit=&#8220;default&#8220; tablet_text_alignment=&#8220;default&#8220; phone_text_alignment=&#8220;default&#8220; animation_type=&#8220;default&#8220; bg_image_animation=&#8220;none&#8220; border_type=&#8220;simple&#8220; column_border_width=&#8220;none&#8220; column_border_style=&#8220;solid&#8220;][divider line_type=&#8220;No Line&#8220; custom_height=&#8220;50&#8243;][nectar_highlighted_text color_type=&#8220;regular&#8220; text_color=&#8220;#084986&#8243; style=&#8220;full_text&#8220; highlight_expansion=&#8220;default&#8220;]\n<h2 style=\"text-align: center;\">Beteiligungen<\/h2>\n[\/nectar_highlighted_text][divider line_type=&#8220;No Line&#8220; custom_height=&#8220;50&#8243;][vc_column_text css_animation=&#8220;fadeIn&#8220;]\n<div class=\"wpb_text_column wpb_content_element wpb_animate_when_almost_visible wpb_fadeIn fadeIn animated wpb_start_animation\">\n<div class=\"wpb_wrapper\">\n<p>PMV h\u00e4lt keine direkte oder indirekte Beteiligung von \u00fcber zehn Prozent an den Stimmrechten oder am Kapital eines Versicherungsunternehmens. Umgekehrt h\u00e4lt auch kein Versicherungsunternehmen oder Mutterunternehmen eines Versicherungsunternehmens eine direkte oder indirekte Beteiligung von \u00fcber zehn Prozent an den Stimmrechten oder am Kapital der PMV.<\/p>\n<\/div>\n<\/div>\n[\/vc_column_text][divider line_type=&#8220;No Line&#8220; custom_height=&#8220;50&#8243;][\/vc_column][\/vc_row][vc_row type=&#8220;full_width_background&#8220; full_screen_row_position=&#8220;middle&#8220; column_margin=&#8220;default&#8220; column_direction=&#8220;default&#8220; column_direction_tablet=&#8220;default&#8220; column_direction_phone=&#8220;default&#8220; bg_color=&#8220;#ffffff&#8220; scene_position=&#8220;center&#8220; text_color=&#8220;dark&#8220; text_align=&#8220;left&#8220; row_border_radius=&#8220;none&#8220; row_border_radius_applies=&#8220;bg&#8220; overflow=&#8220;visible&#8220; advanced_gradient_angle=&#8220;0&#8243; overlay_strength=&#8220;0.3&#8243; gradient_direction=&#8220;left_to_right&#8220; shape_divider_position=&#8220;bottom&#8220; bg_image_animation=&#8220;none&#8220; gradient_type=&#8220;default&#8220; shape_type=&#8220;&#8220;][vc_column column_padding=&#8220;no-extra-padding&#8220; column_padding_tablet=&#8220;inherit&#8220; column_padding_phone=&#8220;inherit&#8220; column_padding_position=&#8220;all&#8220; column_element_spacing=&#8220;default&#8220; background_color_opacity=&#8220;1&#8243; background_hover_color_opacity=&#8220;1&#8243; column_shadow=&#8220;none&#8220; column_border_radius=&#8220;none&#8220; column_link_target=&#8220;_self&#8220; column_position=&#8220;default&#8220; gradient_direction=&#8220;left_to_right&#8220; overlay_strength=&#8220;0.3&#8243; width=&#8220;1\/1&#8243; tablet_width_inherit=&#8220;default&#8220; tablet_text_alignment=&#8220;default&#8220; phone_text_alignment=&#8220;default&#8220; animation_type=&#8220;default&#8220; bg_image_animation=&#8220;none&#8220; border_type=&#8220;simple&#8220; column_border_width=&#8220;none&#8220; column_border_style=&#8220;solid&#8220;][divider line_type=&#8220;No Line&#8220; custom_height=&#8220;50&#8243;][nectar_highlighted_text color_type=&#8220;regular&#8220; text_color=&#8220;#084986&#8243; style=&#8220;full_text&#8220; highlight_expansion=&#8220;default&#8220;]\n<h2 style=\"text-align: center;\">Information zu den Schlichtungsstellen gem\u00e4\u00df \u00a7 214 Versicherungsvertragsgesetz<\/h2>\n[\/nectar_highlighted_text][divider line_type=&#8220;No Line&#8220; custom_height=&#8220;50&#8243;][vc_column_text css_animation=&#8220;fadeIn&#8220;]\n<div class=\"wpb_text_column wpb_content_element wpb_animate_when_almost_visible wpb_fadeIn fadeIn animated wpb_start_animation\">\n<div class=\"wpb_wrapper\">\n<p>Zur au\u00dfergerichtlichen Streitbeilegung k\u00f6nnen untenstehende Schlichtungsstellen angerufen werden. PMV ist gem\u00e4\u00df \u00a7 17 Abs. 4 VersVermV verpflichtet, am Streitbeilegungsverfahren vor folgenden Verbraucherschlichtungsstellen teilzunehmen:<\/p>\n<p>Versicherungsombudsmann e.V. \u2013 Postfach 08 06 22 \u2013 10006 Berlin<br \/>\n<a href=\"http:\/\/www.versicherungsombudsmann.de\/\" target=\"_blank\" rel=\"noopener\">www.versicherungsombudsmann.de<\/a><\/p>\n<p>Ombudsmann f\u00fcr die private Kranken- und Pflegeversicherung \u2013 Postfach 06 02 22 \u2013 10052 Berlin<br \/>\n<a href=\"http:\/\/www.pkv-ombudsmann.de\/\" target=\"_blank\" rel=\"noopener\">www.pkv-ombudsmann.de<\/a><\/p>\n<\/div>\n<\/div>\n[\/vc_column_text][divider line_type=&#8220;No Line&#8220; custom_height=&#8220;50&#8243;][\/vc_column][\/vc_row][vc_row type=&#8220;full_width_background&#8220; full_screen_row_position=&#8220;middle&#8220; column_margin=&#8220;default&#8220; column_direction=&#8220;default&#8220; column_direction_tablet=&#8220;default&#8220; column_direction_phone=&#8220;default&#8220; bg_color=&#8220;#ffffff&#8220; scene_position=&#8220;center&#8220; text_color=&#8220;dark&#8220; text_align=&#8220;left&#8220; row_border_radius=&#8220;none&#8220; row_border_radius_applies=&#8220;bg&#8220; overflow=&#8220;visible&#8220; advanced_gradient_angle=&#8220;0&#8243; overlay_strength=&#8220;0.3&#8243; gradient_direction=&#8220;left_to_right&#8220; shape_divider_position=&#8220;bottom&#8220; bg_image_animation=&#8220;none&#8220; gradient_type=&#8220;default&#8220; shape_type=&#8220;&#8220;][vc_column column_padding=&#8220;no-extra-padding&#8220; column_padding_tablet=&#8220;inherit&#8220; column_padding_phone=&#8220;inherit&#8220; column_padding_position=&#8220;all&#8220; column_element_spacing=&#8220;default&#8220; background_color_opacity=&#8220;1&#8243; background_hover_color_opacity=&#8220;1&#8243; column_shadow=&#8220;none&#8220; column_border_radius=&#8220;none&#8220; column_link_target=&#8220;_self&#8220; column_position=&#8220;default&#8220; gradient_direction=&#8220;left_to_right&#8220; overlay_strength=&#8220;0.3&#8243; width=&#8220;1\/1&#8243; tablet_width_inherit=&#8220;default&#8220; tablet_text_alignment=&#8220;default&#8220; phone_text_alignment=&#8220;default&#8220; animation_type=&#8220;default&#8220; bg_image_animation=&#8220;none&#8220; border_type=&#8220;simple&#8220; column_border_width=&#8220;none&#8220; column_border_style=&#8220;solid&#8220;][divider line_type=&#8220;No Line&#8220; custom_height=&#8220;50&#8243;][nectar_highlighted_text color_type=&#8220;regular&#8220; text_color=&#8220;#084986&#8243; style=&#8220;full_text&#8220; highlight_expansion=&#8220;default&#8220;]\n<h2 style=\"text-align: center;\">Information \u00fcber das Beschwerdemanagement gem. \u00a7 17 VersVermV<\/h2>\n[\/nectar_highlighted_text][divider line_type=&#8220;No Line&#8220; custom_height=&#8220;50&#8243;][vc_column_text css_animation=&#8220;fadeIn&#8220;]\n<div class=\"wpb_text_column wpb_content_element wpb_animate_when_almost_visible wpb_fadeIn fadeIn animated wpb_start_animation\">\n<div class=\"wpb_wrapper\">\n<p>Mit Beschwerden k\u00f6nnen Sie sich in Textform unter der oben angegebenen E-Mail- und Postanschrift jederzeit auch an uns wenden. Die Beschwerde wird durch einen zust\u00e4ndigen Mitarbeitenden gepr\u00fcft. Der Eingang wird best\u00e4tigt und ggf. notwendige weitere Unterlagen werden angefordert.<\/p>\n<p>Weitere Informationen zum Beschwerdemanagement finden Sie unter <a href=\"https:\/\/www.prinas.de\/b2b\/beschwerdemanagement\/\">prinas.de\/b2b\/beschwerdemanagement<\/a><\/p>\n<p>&nbsp;<\/p>\n<p>Stand: Essen, M\u00e4rz 2026<\/p>\n<\/div>\n<\/div>\n[\/vc_column_text][divider line_type=&#8220;No Line&#8220; custom_height=&#8220;50&#8243;][\/vc_column][\/vc_row][vc_row type=&#8220;in_container&#8220; full_screen_row_position=&#8220;middle&#8220; column_margin=&#8220;default&#8220; column_direction=&#8220;default&#8220; column_direction_tablet=&#8220;default&#8220; column_direction_phone=&#8220;default&#8220; scene_position=&#8220;center&#8220; text_color=&#8220;dark&#8220; text_align=&#8220;left&#8220; row_border_radius=&#8220;none&#8220; row_border_radius_applies=&#8220;bg&#8220; overflow=&#8220;visible&#8220; overlay_strength=&#8220;0.3&#8243; gradient_direction=&#8220;left_to_right&#8220; shape_divider_position=&#8220;bottom&#8220; bg_image_animation=&#8220;none&#8220;][vc_column column_padding=&#8220;no-extra-padding&#8220; column_padding_tablet=&#8220;inherit&#8220; column_padding_phone=&#8220;inherit&#8220; column_padding_position=&#8220;all&#8220; column_element_spacing=&#8220;default&#8220; centered_text=&#8220;true&#8220; background_color_opacity=&#8220;1&#8243; background_hover_color_opacity=&#8220;1&#8243; column_shadow=&#8220;none&#8220; column_border_radius=&#8220;none&#8220; column_link_target=&#8220;_self&#8220; column_position=&#8220;default&#8220; advanced_gradient_angle=&#8220;0&#8243; gradient_direction=&#8220;left_to_right&#8220; overlay_strength=&#8220;0.3&#8243; width=&#8220;1\/1&#8243; tablet_width_inherit=&#8220;default&#8220; tablet_text_alignment=&#8220;default&#8220; phone_text_alignment=&#8220;default&#8220; animation_type=&#8220;default&#8220; bg_image_animation=&#8220;none&#8220; border_type=&#8220;simple&#8220; column_border_width=&#8220;none&#8220; column_border_style=&#8220;solid&#8220; gradient_type=&#8220;default&#8220;][divider line_type=&#8220;No Line&#8220; custom_height=&#8220;50&#8243;][nectar_btn size=&#8220;jumbo&#8220; button_style=&#8220;regular&#8220; button_color_2=&#8220;Accent-Color&#8220; solid_text_color_override=&#8220;#ffffff&#8220; icon_family=&#8220;default_arrow&#8220; text=&#8220;Erstinformation als PDF&#8220; url=&#8220;https:\/\/www.prinas.de\/b2b\/wp-content\/uploads\/ErstInfo-Firmenkunden_VersVermV05012026-online.pdf&#8220;][divider line_type=&#8220;No Line&#8220; custom_height=&#8220;50&#8243;][\/vc_column][\/vc_row]\n","protected":false},"excerpt":{"rendered":"<p>[vc_row type=&#8220;full_width_background&#8220; full_screen_row_position=&#8220;middle&#8220; column_margin=&#8220;default&#8220; column_direction=&#8220;default&#8220; column_direction_tablet=&#8220;default&#8220; column_direction_phone=&#8220;default&#8220; bg_color=&#8220;#ffffff&#8220; scene_position=&#8220;center&#8220; text_color=&#8220;dark&#8220; text_align=&#8220;left&#8220; row_border_radius=&#8220;none&#8220; row_border_radius_applies=&#8220;bg&#8220; overflow=&#8220;visible&#8220; advanced_gradient_angle=&#8220;0&#8243; overlay_strength=&#8220;0.3&#8243; gradient_direction=&#8220;left_to_right&#8220; shape_divider_position=&#8220;bottom&#8220; bg_image_animation=&#8220;none&#8220; gradient_type=&#8220;default&#8220; shape_type=&#8220;&#8220;][vc_column column_padding=&#8220;no-extra-padding&#8220; column_padding_tablet=&#8220;inherit&#8220; column_padding_phone=&#8220;inherit&#8220; column_padding_position=&#8220;all&#8220; column_element_spacing=&#8220;default&#8220; background_color_opacity=&#8220;1&#8243; background_hover_color_opacity=&#8220;1&#8243; column_shadow=&#8220;none&#8220; column_border_radius=&#8220;none&#8220;&#8230;<\/p>\n","protected":false},"author":4,"featured_media":7673,"parent":0,"menu_order":0,"comment_status":"closed","ping_status":"closed","template":"","meta":{"footnotes":""},"class_list":["post-7672","page","type-page","status-publish","has-post-thumbnail"],"acf":[],"yoast_head":"<!-- This site is optimized with the Yoast SEO plugin v27.5 - https:\/\/yoast.com\/product\/yoast-seo-wordpress\/ -->\n<title>Erstinformationen f\u00fcr Firmenkunden | PRINAS MONTAN<\/title>\n<meta name=\"description\" content=\"Erstinformationen f\u00fcr Firmenkunden nach \u00a7 15, 16 Versicherungsvermittlerordnung.\" \/>\n<meta name=\"robots\" content=\"index, follow, max-snippet:-1, max-image-preview:large, max-video-preview:-1\" \/>\n<link rel=\"canonical\" href=\"https:\/\/www.prinas.de\/b2b\/erstinformationen-fuer-firmenkunden\/\" \/>\n<meta property=\"og:locale\" content=\"de_DE\" \/>\n<meta property=\"og:type\" content=\"article\" \/>\n<meta property=\"og:title\" content=\"Erstinformationen f\u00fcr Firmenkunden | PRINAS MONTAN\" \/>\n<meta property=\"og:description\" content=\"Erstinformationen f\u00fcr Firmenkunden nach \u00a7 15, 16 Versicherungsvermittlerordnung.\" \/>\n<meta property=\"og:url\" content=\"https:\/\/www.prinas.de\/b2b\/erstinformationen-fuer-firmenkunden\/\" \/>\n<meta property=\"og:site_name\" content=\"Prinas Montan\" \/>\n<meta property=\"article:modified_time\" content=\"2026-03-05T14:25:46+00:00\" \/>\n<meta property=\"og:image\" content=\"https:\/\/www.prinas.de\/b2b\/wp-content\/uploads\/marcel-eberle-6bmOMqgfZwU-unsplash-scaled.jpg\" \/>\n\t<meta property=\"og:image:width\" content=\"2560\" \/>\n\t<meta property=\"og:image:height\" content=\"1708\" \/>\n\t<meta property=\"og:image:type\" content=\"image\/jpeg\" \/>\n<meta name=\"twitter:card\" content=\"summary_large_image\" \/>\n<meta name=\"twitter:label1\" content=\"Gesch\u00e4tzte Lesezeit\" \/>\n\t<meta name=\"twitter:data1\" content=\"4\u00a0Minuten\" \/>\n<script type=\"application\/ld+json\" class=\"yoast-schema-graph\">{\"@context\":\"https:\\\/\\\/schema.org\",\"@graph\":[{\"@type\":\"WebPage\",\"@id\":\"https:\\\/\\\/www.prinas.de\\\/b2b\\\/erstinformationen-fuer-firmenkunden\\\/\",\"url\":\"https:\\\/\\\/www.prinas.de\\\/b2b\\\/erstinformationen-fuer-firmenkunden\\\/\",\"name\":\"Erstinformationen f\u00fcr Firmenkunden | PRINAS MONTAN\",\"isPartOf\":{\"@id\":\"https:\\\/\\\/www.prinas.de\\\/b2b\\\/#website\"},\"primaryImageOfPage\":{\"@id\":\"https:\\\/\\\/www.prinas.de\\\/b2b\\\/erstinformationen-fuer-firmenkunden\\\/#primaryimage\"},\"image\":{\"@id\":\"https:\\\/\\\/www.prinas.de\\\/b2b\\\/erstinformationen-fuer-firmenkunden\\\/#primaryimage\"},\"thumbnailUrl\":\"https:\\\/\\\/www.prinas.de\\\/b2b\\\/wp-content\\\/uploads\\\/marcel-eberle-6bmOMqgfZwU-unsplash-scaled.jpg\",\"datePublished\":\"2023-01-18T12:42:04+00:00\",\"dateModified\":\"2026-03-05T14:25:46+00:00\",\"description\":\"Erstinformationen f\u00fcr Firmenkunden nach \u00a7 15, 16 Versicherungsvermittlerordnung.\",\"breadcrumb\":{\"@id\":\"https:\\\/\\\/www.prinas.de\\\/b2b\\\/erstinformationen-fuer-firmenkunden\\\/#breadcrumb\"},\"inLanguage\":\"de\",\"potentialAction\":[{\"@type\":\"ReadAction\",\"target\":[\"https:\\\/\\\/www.prinas.de\\\/b2b\\\/erstinformationen-fuer-firmenkunden\\\/\"]}]},{\"@type\":\"ImageObject\",\"inLanguage\":\"de\",\"@id\":\"https:\\\/\\\/www.prinas.de\\\/b2b\\\/erstinformationen-fuer-firmenkunden\\\/#primaryimage\",\"url\":\"https:\\\/\\\/www.prinas.de\\\/b2b\\\/wp-content\\\/uploads\\\/marcel-eberle-6bmOMqgfZwU-unsplash-scaled.jpg\",\"contentUrl\":\"https:\\\/\\\/www.prinas.de\\\/b2b\\\/wp-content\\\/uploads\\\/marcel-eberle-6bmOMqgfZwU-unsplash-scaled.jpg\",\"width\":2560,\"height\":1708,\"caption\":\"Informationsschild\"},{\"@type\":\"BreadcrumbList\",\"@id\":\"https:\\\/\\\/www.prinas.de\\\/b2b\\\/erstinformationen-fuer-firmenkunden\\\/#breadcrumb\",\"itemListElement\":[{\"@type\":\"ListItem\",\"position\":1,\"name\":\"Startseite\",\"item\":\"https:\\\/\\\/www.prinas.de\\\/b2b\\\/\"},{\"@type\":\"ListItem\",\"position\":2,\"name\":\"Erstinformationen f\u00fcr Firmenkunden\"}]},{\"@type\":\"WebSite\",\"@id\":\"https:\\\/\\\/www.prinas.de\\\/b2b\\\/#website\",\"url\":\"https:\\\/\\\/www.prinas.de\\\/b2b\\\/\",\"name\":\"Prinas Montan\",\"description\":\"Eine weitere WordPress-Website\",\"potentialAction\":[{\"@type\":\"SearchAction\",\"target\":{\"@type\":\"EntryPoint\",\"urlTemplate\":\"https:\\\/\\\/www.prinas.de\\\/b2b\\\/?s={search_term_string}\"},\"query-input\":{\"@type\":\"PropertyValueSpecification\",\"valueRequired\":true,\"valueName\":\"search_term_string\"}}],\"inLanguage\":\"de\"}]}<\/script>\n<!-- \/ Yoast SEO plugin. -->","yoast_head_json":{"title":"Erstinformationen f\u00fcr Firmenkunden | PRINAS MONTAN","description":"Erstinformationen f\u00fcr Firmenkunden nach \u00a7 15, 16 Versicherungsvermittlerordnung.","robots":{"index":"index","follow":"follow","max-snippet":"max-snippet:-1","max-image-preview":"max-image-preview:large","max-video-preview":"max-video-preview:-1"},"canonical":"https:\/\/www.prinas.de\/b2b\/erstinformationen-fuer-firmenkunden\/","og_locale":"de_DE","og_type":"article","og_title":"Erstinformationen f\u00fcr Firmenkunden | PRINAS MONTAN","og_description":"Erstinformationen f\u00fcr Firmenkunden nach \u00a7 15, 16 Versicherungsvermittlerordnung.","og_url":"https:\/\/www.prinas.de\/b2b\/erstinformationen-fuer-firmenkunden\/","og_site_name":"Prinas Montan","article_modified_time":"2026-03-05T14:25:46+00:00","og_image":[{"width":2560,"height":1708,"url":"https:\/\/www.prinas.de\/b2b\/wp-content\/uploads\/marcel-eberle-6bmOMqgfZwU-unsplash-scaled.jpg","type":"image\/jpeg"}],"twitter_card":"summary_large_image","twitter_misc":{"Gesch\u00e4tzte Lesezeit":"4\u00a0Minuten"},"schema":{"@context":"https:\/\/schema.org","@graph":[{"@type":"WebPage","@id":"https:\/\/www.prinas.de\/b2b\/erstinformationen-fuer-firmenkunden\/","url":"https:\/\/www.prinas.de\/b2b\/erstinformationen-fuer-firmenkunden\/","name":"Erstinformationen f\u00fcr Firmenkunden | PRINAS MONTAN","isPartOf":{"@id":"https:\/\/www.prinas.de\/b2b\/#website"},"primaryImageOfPage":{"@id":"https:\/\/www.prinas.de\/b2b\/erstinformationen-fuer-firmenkunden\/#primaryimage"},"image":{"@id":"https:\/\/www.prinas.de\/b2b\/erstinformationen-fuer-firmenkunden\/#primaryimage"},"thumbnailUrl":"https:\/\/www.prinas.de\/b2b\/wp-content\/uploads\/marcel-eberle-6bmOMqgfZwU-unsplash-scaled.jpg","datePublished":"2023-01-18T12:42:04+00:00","dateModified":"2026-03-05T14:25:46+00:00","description":"Erstinformationen f\u00fcr Firmenkunden nach \u00a7 15, 16 Versicherungsvermittlerordnung.","breadcrumb":{"@id":"https:\/\/www.prinas.de\/b2b\/erstinformationen-fuer-firmenkunden\/#breadcrumb"},"inLanguage":"de","potentialAction":[{"@type":"ReadAction","target":["https:\/\/www.prinas.de\/b2b\/erstinformationen-fuer-firmenkunden\/"]}]},{"@type":"ImageObject","inLanguage":"de","@id":"https:\/\/www.prinas.de\/b2b\/erstinformationen-fuer-firmenkunden\/#primaryimage","url":"https:\/\/www.prinas.de\/b2b\/wp-content\/uploads\/marcel-eberle-6bmOMqgfZwU-unsplash-scaled.jpg","contentUrl":"https:\/\/www.prinas.de\/b2b\/wp-content\/uploads\/marcel-eberle-6bmOMqgfZwU-unsplash-scaled.jpg","width":2560,"height":1708,"caption":"Informationsschild"},{"@type":"BreadcrumbList","@id":"https:\/\/www.prinas.de\/b2b\/erstinformationen-fuer-firmenkunden\/#breadcrumb","itemListElement":[{"@type":"ListItem","position":1,"name":"Startseite","item":"https:\/\/www.prinas.de\/b2b\/"},{"@type":"ListItem","position":2,"name":"Erstinformationen f\u00fcr Firmenkunden"}]},{"@type":"WebSite","@id":"https:\/\/www.prinas.de\/b2b\/#website","url":"https:\/\/www.prinas.de\/b2b\/","name":"Prinas Montan","description":"Eine weitere WordPress-Website","potentialAction":[{"@type":"SearchAction","target":{"@type":"EntryPoint","urlTemplate":"https:\/\/www.prinas.de\/b2b\/?s={search_term_string}"},"query-input":{"@type":"PropertyValueSpecification","valueRequired":true,"valueName":"search_term_string"}}],"inLanguage":"de"}]}},"_links":{"self":[{"href":"https:\/\/www.prinas.de\/b2b\/wp-json\/wp\/v2\/pages\/7672","targetHints":{"allow":["GET"]}}],"collection":[{"href":"https:\/\/www.prinas.de\/b2b\/wp-json\/wp\/v2\/pages"}],"about":[{"href":"https:\/\/www.prinas.de\/b2b\/wp-json\/wp\/v2\/types\/page"}],"author":[{"embeddable":true,"href":"https:\/\/www.prinas.de\/b2b\/wp-json\/wp\/v2\/users\/4"}],"replies":[{"embeddable":true,"href":"https:\/\/www.prinas.de\/b2b\/wp-json\/wp\/v2\/comments?post=7672"}],"version-history":[{"count":8,"href":"https:\/\/www.prinas.de\/b2b\/wp-json\/wp\/v2\/pages\/7672\/revisions"}],"predecessor-version":[{"id":8410,"href":"https:\/\/www.prinas.de\/b2b\/wp-json\/wp\/v2\/pages\/7672\/revisions\/8410"}],"wp:featuredmedia":[{"embeddable":true,"href":"https:\/\/www.prinas.de\/b2b\/wp-json\/wp\/v2\/media\/7673"}],"wp:attachment":[{"href":"https:\/\/www.prinas.de\/b2b\/wp-json\/wp\/v2\/media?parent=7672"}],"curies":[{"name":"wp","href":"https:\/\/api.w.org\/{rel}","templated":true}]}}